{"id":9776,"date":"2021-01-13T13:51:48","date_gmt":"2021-01-13T12:51:48","guid":{"rendered":"https:\/\/3r-prev.com\/gba\/?post_type=product&#038;p=9776"},"modified":"2024-09-27T12:42:12","modified_gmt":"2024-09-27T10:42:12","slug":"tirage-de-luxe-de-500-dessins-volume-ii","status":"publish","type":"product","link":"https:\/\/3r-prev.com\/gba\/produit\/tirage-de-luxe-de-500-dessins-volume-ii\/","title":{"rendered":"NICOLAS DE CR\u00c9CY &#8211; Tirage de luxe &#8211; 500 dessins volume II"},"content":{"rendered":"<p>Edit\u00e9 par Barbier &amp; Mathon<\/p>\n<p>&nbsp;<\/p>\n<p>Dr\u00f4les ou m\u00e9lancoliques, fantasm\u00e9s ou puis\u00e9s dans le r\u00e9el, d\u00e9cor urbain ou sc\u00e8ne d\u2019int\u00e9rieur, les croquis de Nicolas de Cr\u00e9cy nous ouvrent &#8211; un peu \u2013 l\u2019imaginaire de l\u2019auteur. On se le repr\u00e9sente tr\u00e8s bien griffonnant au coin d\u2019une table, sans autre but que le seul plaisir du dessin\u2026 car les croquis des deux ouvrages\u00a0<em>500 dessins<\/em>\u00a0volumes 1 et 2 ont pour point commun de n\u2019avoir pas \u00e9t\u00e9 pens\u00e9s pour \u00eatre vus\u00a0!<\/p>\n<p>&nbsp;<\/p>\n<p>Tirage de t\u00eate\u00a0: 75 exemplaires num\u00e9rot\u00e9s et sign\u00e9s, accompagn\u00e9s d\u2019une s\u00e9rigraphie in\u00e9dite. En vente exclusivement \u00e0 la galerie Barbier.<\/p>\n<p>&nbsp;<\/p>\n<p>16 x 21\u00a0cm<br \/>\nCouverture cartonn\u00e9e<br \/>\n252 pages en noir et blanc, sur papier munken pure 140\u00a0g<\/p>\n","protected":false},"excerpt":{"rendered":"<p>Edit\u00e9 par Barbier &amp; Mathon &nbsp; Dr\u00f4les ou m\u00e9lancoliques, fantasm\u00e9s ou puis\u00e9s dans le r\u00e9el, d\u00e9cor urbain ou sc\u00e8ne d\u2019int\u00e9rieur, les croquis de Nicolas de Cr\u00e9cy nous ouvrent &#8211; un<\/p>\n","protected":false},"featured_media":41179,"template":"","meta":{"_acf_changed":false},"product_cat":[19],"product_tag":[],"exhibition":[],"artist":[64],"class_list":{"0":"post-9776","1":"product","2":"type-product","3":"status-publish","4":"has-post-thumbnail","6":"product_cat-livres","7":"artist-nicolas-de-crecy","9":"first","10":"outofstock","11":"shipping-taxable","12":"purchasable","13":"product-type-simple"},"acf":[],"_links":{"self":[{"href":"https:\/\/3r-prev.com\/gba\/wp-json\/wp\/v2\/product\/9776","targetHints":{"allow":["GET"]}}],"collection":[{"href":"https:\/\/3r-prev.com\/gba\/wp-json\/wp\/v2\/product"}],"about":[{"href":"https:\/\/3r-prev.com\/gba\/wp-json\/wp\/v2\/types\/product"}],"wp:featuredmedia":[{"embeddable":true,"href":"https:\/\/3r-prev.com\/gba\/wp-json\/wp\/v2\/media\/41179"}],"wp:attachment":[{"href":"https:\/\/3r-prev.com\/gba\/wp-json\/wp\/v2\/media?parent=9776"}],"wp:term":[{"taxonomy":"product_cat","embeddable":true,"href":"https:\/\/3r-prev.com\/gba\/wp-json\/wp\/v2\/product_cat?post=9776"},{"taxonomy":"product_tag","embeddable":true,"href":"https:\/\/3r-prev.com\/gba\/wp-json\/wp\/v2\/product_tag?post=9776"},{"taxonomy":"exhibition","embeddable":true,"href":"https:\/\/3r-prev.com\/gba\/wp-json\/wp\/v2\/exhibition?post=9776"},{"taxonomy":"artist","embeddable":true,"href":"https:\/\/3r-prev.com\/gba\/wp-json\/wp\/v2\/artist?post=9776"}],"curies":[{"name":"wp","href":"https:\/\/api.w.org\/{rel}","templated":true}]}}