{"id":9670,"date":"2021-01-12T14:45:10","date_gmt":"2021-01-12T13:45:10","guid":{"rendered":"https:\/\/3r-prev.com\/gba\/?post_type=product&#038;p=9670"},"modified":"2024-09-27T12:42:07","modified_gmt":"2024-09-27T10:42:07","slug":"terry-et-les-pirates-vol-2","status":"publish","type":"product","link":"https:\/\/3r-prev.com\/gba\/produit\/terry-et-les-pirates-vol-2\/","title":{"rendered":"MILTON CANIFF &#8211; Terry et les Pirates vol.2"},"content":{"rendered":"<p><strong>Ca y est\u00a0: Terry, Pat Ryan et Connie sont de retour\u00a0!<\/strong><\/p>\n<p>&nbsp;<\/p>\n<p>Voici donc le deuxi\u00e8me des six volumes qui regrouperont pour la premi\u00e8re fois en France l\u2019int\u00e9gralit\u00e9 des strips du Terry et les Pirates de Milton Caniff. Compilant les ann\u00e9es 1936 \u00e0 1938, cet ouvrage contient en bonus une postface de Gilles Rattier sur l\u2019historique de la s\u00e9rie en France ainsi qu\u2019une s\u00e9rie d\u2019hommages exclusifs par de grands noms de la bande dessin\u00e9e contemporaine\u00a0: Andr\u00e9 Juillard, Myles Hyman, Charles Berberian ou encore Serge Clerc\u00a0!<\/p>\n<p>&nbsp;<\/p>\n<p>Retrouvez-le d\u00e8s aujourd\u2019hui dans toutes les bonnes librairies\u2026 et \u00e0 la Galerie Barbier !<\/p>\n<p>&nbsp;<\/p>\n<p>Terry et les Pirates vol. 2, de Milton Caniff<br \/>\n22.5 x 29\u00a0cm<br \/>\n360 pages en quadrichromie.<\/p>\n","protected":false},"excerpt":{"rendered":"<p>Ca y est\u00a0: Terry, Pat Ryan et Connie sont de retour\u00a0! &nbsp; Voici donc le deuxi\u00e8me des six volumes qui regrouperont pour la premi\u00e8re fois en France l\u2019int\u00e9gralit\u00e9 des strips<\/p>\n","protected":false},"featured_media":41170,"template":"","meta":{"_acf_changed":false},"product_cat":[19],"product_tag":[],"exhibition":[55],"artist":[56],"class_list":{"0":"post-9670","1":"product","2":"type-product","3":"status-publish","4":"has-post-thumbnail","6":"product_cat-livres","7":"exhibition-terry-les-pirates","8":"artist-milton-caniff","10":"first","11":"instock","12":"shipping-taxable","13":"purchasable","14":"product-type-simple"},"acf":[],"_links":{"self":[{"href":"https:\/\/3r-prev.com\/gba\/wp-json\/wp\/v2\/product\/9670","targetHints":{"allow":["GET"]}}],"collection":[{"href":"https:\/\/3r-prev.com\/gba\/wp-json\/wp\/v2\/product"}],"about":[{"href":"https:\/\/3r-prev.com\/gba\/wp-json\/wp\/v2\/types\/product"}],"wp:featuredmedia":[{"embeddable":true,"href":"https:\/\/3r-prev.com\/gba\/wp-json\/wp\/v2\/media\/41170"}],"wp:attachment":[{"href":"https:\/\/3r-prev.com\/gba\/wp-json\/wp\/v2\/media?parent=9670"}],"wp:term":[{"taxonomy":"product_cat","embeddable":true,"href":"https:\/\/3r-prev.com\/gba\/wp-json\/wp\/v2\/product_cat?post=9670"},{"taxonomy":"product_tag","embeddable":true,"href":"https:\/\/3r-prev.com\/gba\/wp-json\/wp\/v2\/product_tag?post=9670"},{"taxonomy":"exhibition","embeddable":true,"href":"https:\/\/3r-prev.com\/gba\/wp-json\/wp\/v2\/exhibition?post=9670"},{"taxonomy":"artist","embeddable":true,"href":"https:\/\/3r-prev.com\/gba\/wp-json\/wp\/v2\/artist?post=9670"}],"curies":[{"name":"wp","href":"https:\/\/api.w.org\/{rel}","templated":true}]}}