{"id":9235,"date":"2021-01-11T09:06:20","date_gmt":"2021-01-11T08:06:20","guid":{"rendered":"https:\/\/3r-prev.com\/gba\/?post_type=product&#038;p=9235"},"modified":"2024-09-27T12:42:05","modified_gmt":"2024-09-27T10:42:05","slug":"apocalypses-francois-avril-et-philippe-druillet","status":"publish","type":"product","link":"https:\/\/3r-prev.com\/gba\/produit\/apocalypses-francois-avril-et-philippe-druillet\/","title":{"rendered":"FRAN\u00c7OIS AVRIL &#038; PHILIPPE DRUILLET &#8211; Apocalypses"},"content":{"rendered":"<p>Catalogue de l\u2019exposition <em>Apocalypses<\/em> de Fran\u00e7ois Avril et Philippe Druillet<\/p>\n<p>&nbsp;<\/p>\n<p>Edit\u00e9 par \u00c9ditions Barbier.<\/p>\n<p>&nbsp;<\/p>\n<p>Tirage limit\u00e9 \u00e0 450 exemplaires num\u00e9rot\u00e9s avec une couverture in\u00e9dite, accompagn\u00e9s d\u2019une digigraphie num\u00e9rot\u00e9e et sign\u00e9e par les deux artistes. En vente exclusivement \u00e0 la Galerie Barbier.<\/p>\n<p>&nbsp;<\/p>\n<p>\u00ab\u00a0Il faut respecter l\u2019autre, \u00e9norm\u00e9ment, parce qu\u2019il ne s\u2019agit pas de tirer la couverture \u00e0 soi. Ce n\u2019est pas un combat, c\u2019est un accord. Et c\u2019est ce que nous avons r\u00e9ussi \u00e0 faire, je crois.\u00a0\u00bb<br \/>\nFran\u00e7ois AVRIL<\/p>\n<p>&nbsp;<\/p>\n<p>\u00ab\u00a0ll n\u2019y a pas de fautes. On peut parfois s\u2019associer avec quelqu\u2019un pour une exposition et puis on voit qu\u2019il y a des erreurs ou \u2013 comment dire \u2013 une incompr\u00e9hension. Mais, ici, chaque fois que je vois le travail termin\u00e9, je me dis \u201cmais c\u2019est l\u2019\u00e9vidence m\u00eame\u201d.\u00a0\u00bb<br \/>\nPhilippe DRUILLET<\/p>\n<p>&nbsp;<\/p>\n<p>Parution 27 f\u00e9vrier 2020<br \/>\nISBN\u2009: 978-2-919243-34-1<\/p>\n<p>&nbsp;<\/p>\n<p>112 pages<br \/>\n32 x 21\u00a0cm<br \/>\nCouverture rigide<\/p>\n","protected":false},"excerpt":{"rendered":"<p>Catalogue de l\u2019exposition Apocalypses de Fran\u00e7ois Avril et Philippe Druillet &nbsp; Edit\u00e9 par \u00c9ditions Barbier. &nbsp; Tirage limit\u00e9 \u00e0 450 exemplaires num\u00e9rot\u00e9s avec une couverture in\u00e9dite, accompagn\u00e9s d\u2019une digigraphie num\u00e9rot\u00e9e<\/p>\n","protected":false},"featured_media":41160,"template":"","meta":{"_acf_changed":false},"product_cat":[19],"product_tag":[],"exhibition":[36],"artist":[35,37,38],"class_list":{"0":"post-9235","1":"product","2":"type-product","3":"status-publish","4":"has-post-thumbnail","6":"product_cat-livres","7":"exhibition-apocalypses","8":"artist-francois-avril","9":"artist-francois-avril-philippe-druillet","10":"artist-philippe-druillet","12":"first","13":"instock","14":"shipping-taxable","15":"purchasable","16":"product-type-simple"},"acf":[],"_links":{"self":[{"href":"https:\/\/3r-prev.com\/gba\/wp-json\/wp\/v2\/product\/9235","targetHints":{"allow":["GET"]}}],"collection":[{"href":"https:\/\/3r-prev.com\/gba\/wp-json\/wp\/v2\/product"}],"about":[{"href":"https:\/\/3r-prev.com\/gba\/wp-json\/wp\/v2\/types\/product"}],"wp:featuredmedia":[{"embeddable":true,"href":"https:\/\/3r-prev.com\/gba\/wp-json\/wp\/v2\/media\/41160"}],"wp:attachment":[{"href":"https:\/\/3r-prev.com\/gba\/wp-json\/wp\/v2\/media?parent=9235"}],"wp:term":[{"taxonomy":"product_cat","embeddable":true,"href":"https:\/\/3r-prev.com\/gba\/wp-json\/wp\/v2\/product_cat?post=9235"},{"taxonomy":"product_tag","embeddable":true,"href":"https:\/\/3r-prev.com\/gba\/wp-json\/wp\/v2\/product_tag?post=9235"},{"taxonomy":"exhibition","embeddable":true,"href":"https:\/\/3r-prev.com\/gba\/wp-json\/wp\/v2\/exhibition?post=9235"},{"taxonomy":"artist","embeddable":true,"href":"https:\/\/3r-prev.com\/gba\/wp-json\/wp\/v2\/artist?post=9235"}],"curies":[{"name":"wp","href":"https:\/\/api.w.org\/{rel}","templated":true}]}}