{"id":41685,"date":"2024-08-22T17:57:55","date_gmt":"2024-08-22T15:57:55","guid":{"rendered":"https:\/\/3r-prev.com\/gba\/?post_type=product&#038;p=41685"},"modified":"2024-09-27T12:44:13","modified_gmt":"2024-09-27T10:44:13","slug":"revue-portfolio-n3-couverture-par-jean-jullien-et-albin-de-la-simone-version-librairie","status":"publish","type":"product","link":"https:\/\/3r-prev.com\/gba\/produit\/revue-portfolio-n3-couverture-par-jean-jullien-et-albin-de-la-simone-version-librairie\/","title":{"rendered":"REVUE PORTFOLIO N\u00b03 &#8211; COUVERTURE PAR JEAN JULLIEN ET ALBIN DE LA SIMONE &#8211; VERSION LIBRAIRIE"},"content":{"rendered":"<p>Portfolio est une revue trimestrielle n\u00e9e d\u2019une envie commune d\u2019aller \u00e0 la rencontre d\u2019artistes, reconnus comme \u00e9mergents, issus de tous les univers artistiques pour se frotter \u00e0 la puissance de l\u2019art ! Qu\u2019est-ce que la cr\u00e9ation ? Quelles sont les conditions de son \u00e9mergence et de son d\u00e9veloppement ? Quels sont les chemins, esth\u00e9tiques comme intellectuels, qui imposent \u00e0 un artiste le modelage d\u2019une image plut\u00f4t qu\u2019une autre ? Une fois son geste r\u00e9alis\u00e9, comment sa position au monde change-t-elle ? Et, pour nous qui contemplons ces images, comment transforment-elles notre regard et, parfois m\u00eame, nos comportements ?Telles sont quelques-unes des questions abord\u00e9es dans Portfolio.<\/p>\n<p>Couverture originale r\u00e9alis\u00e9e par Jean Jullien et Albin de la Simone.<\/p>\n<p><strong>Sommaire<\/strong><\/p>\n<ul>\n<li>Entretien croise\u0301 entre\u00a0<strong>Jean Jullien<\/strong>, peintre et dessinateur, et\u00a0<strong>Albin la Simone<\/strong>, musicien, chanteur et dessinateur<\/li>\n<li>Entretien avec\u00a0<strong>Nine Antico<\/strong>, autrice et dessinatrice<\/li>\n<li>Entretien avec\u00a0<strong>Tiphaine Calmettes<\/strong>, sculptrice<\/li>\n<li>Entretien avec\u00a0<strong>Matthias Dandois<\/strong>, champion du monde de BMX\u00a0<em>flatland<\/em><\/li>\n<li>Entretien avec\u00a0<strong>C\u00e9line Poulin<\/strong>, directrice du FRAC \u00cele-de-France<\/li>\n<li>Entretien avec\u00a0<strong>Chlo\u00e9 Jeanne<\/strong>, artiste plasticienne<\/li>\n<li>Entretien avec\u00a0<strong>Dana Cojbuc<\/strong>, photographe<\/li>\n<li>Portfolio d\u2019artiste :\u00a0<strong>Sol\u00e8ne Kerlo<\/strong>, peinture<\/li>\n<li>Portfolio d\u2019artiste :\u00a0<strong>Alexandre Cl\u00e9risse<\/strong>, illustration<\/li>\n<\/ul>\n<p>136 pages<br \/>\n9782494377158<br \/>\nDimensions : 33 x 24 x 1 cm<\/p>\n","protected":false},"excerpt":{"rendered":"<p>Portfolio est une revue trimestrielle n\u00e9e d\u2019une envie commune d\u2019aller \u00e0 la rencontre d\u2019artistes, reconnus comme \u00e9mergents, issus de tous les univers artistiques pour se frotter \u00e0 la puissance de<\/p>\n","protected":false},"featured_media":41686,"template":"","meta":{"_acf_changed":false},"product_cat":[19],"product_tag":[],"exhibition":[],"artist":[221,265],"class_list":{"0":"post-41685","1":"product","2":"type-product","3":"status-publish","4":"has-post-thumbnail","6":"product_cat-livres","7":"artist-albin-de-la-simone","8":"artist-portfolio","10":"first","11":"instock","12":"shipping-taxable","13":"purchasable","14":"product-type-simple"},"acf":[],"_links":{"self":[{"href":"https:\/\/3r-prev.com\/gba\/wp-json\/wp\/v2\/product\/41685","targetHints":{"allow":["GET"]}}],"collection":[{"href":"https:\/\/3r-prev.com\/gba\/wp-json\/wp\/v2\/product"}],"about":[{"href":"https:\/\/3r-prev.com\/gba\/wp-json\/wp\/v2\/types\/product"}],"wp:featuredmedia":[{"embeddable":true,"href":"https:\/\/3r-prev.com\/gba\/wp-json\/wp\/v2\/media\/41686"}],"wp:attachment":[{"href":"https:\/\/3r-prev.com\/gba\/wp-json\/wp\/v2\/media?parent=41685"}],"wp:term":[{"taxonomy":"product_cat","embeddable":true,"href":"https:\/\/3r-prev.com\/gba\/wp-json\/wp\/v2\/product_cat?post=41685"},{"taxonomy":"product_tag","embeddable":true,"href":"https:\/\/3r-prev.com\/gba\/wp-json\/wp\/v2\/product_tag?post=41685"},{"taxonomy":"exhibition","embeddable":true,"href":"https:\/\/3r-prev.com\/gba\/wp-json\/wp\/v2\/exhibition?post=41685"},{"taxonomy":"artist","embeddable":true,"href":"https:\/\/3r-prev.com\/gba\/wp-json\/wp\/v2\/artist?post=41685"}],"curies":[{"name":"wp","href":"https:\/\/api.w.org\/{rel}","templated":true}]}}