{"id":41634,"date":"2021-04-16T15:51:37","date_gmt":"2021-04-16T13:51:37","guid":{"rendered":"https:\/\/3r-prev.com\/gba\/?post_type=product&#038;p=41634"},"modified":"2024-09-27T12:44:01","modified_gmt":"2024-09-27T10:44:01","slug":"rabate-tirage-de-luxe-tolstoi-rabate-une-rencontre","status":"publish","type":"product","link":"https:\/\/3r-prev.com\/gba\/produit\/rabate-tirage-de-luxe-tolstoi-rabate-une-rencontre\/","title":{"rendered":"RABAT\u00c9 &#8211; Tirage de luxe &#8211; Tolsto\u00ef-Rabat\u00e9 : Une rencontre"},"content":{"rendered":"<p><em>Tolsto\u00ef-Rabat\u00e9\u00a0: Une rencontre<\/em><\/p>\n<p>&nbsp;<\/p>\n<p>Edit\u00e9 par Marie Barbier \u00c9ditions.<\/p>\n<p>&nbsp;<\/p>\n<p>L\u2019ouvrage retrace la gen\u00e8se d\u2019<em>Ibicus<\/em> de Pascal Rabat\u00e9, librement adapt\u00e9 du roman d\u2019Alexis N. Tolsto\u00ef\u00a0: <em>Ibicus ou les Aventures du comte de Nevzorof<\/em>. Quatre tomes publi\u00e9s chez Vents d\u2019Ouest \u00e0 la fin des ann\u00e9es 90, fort bien accueillis du public et de la critique. C\u2019est sur les \u00e9tapes marquantes de cette aventure que revient le livre\u00a0: pourquoi ce roman russe\u00a0? Quelles affinit\u00e9s du dessinateur \u00e0 l\u2019histoire\u00a0? \u00c0 quel rythme, sur quelles techniques s\u2019est fait la mise au trait\u00a0? O\u00f9 Pascal Rabat\u00e9 a-t\u2019il puis\u00e9 son inspiration\u00a0?<br \/>\nToujours est-il que la confusion de l\u2019auteur Alexis N. Tolsto\u00ef avec son c\u00e9l\u00e8bre parent, L\u00e9on Tolsto\u00ef, aura \u00e9t\u00e9 des plus fructueuses\u2026 Quatre ann\u00e9es durant le dessinateur offre \u00e0 Sim\u00e9on Ivanovitch, picaresque personnage fuyant la r\u00e9volution d\u2019Octobre, le plus beau des \u00e9crins\u00a0!<\/p>\n<p>&nbsp;<\/p>\n<p>Un livre sur la cr\u00e9ation artistique, dans la veine des <em>Flaubert-Druillet<\/em> et <em>P\u00e9trone-Blutch<\/em>.<\/p>\n<p>&nbsp;<\/p>\n<p>ISBN\u2009: 978-2-491-1470-7-5<br \/>\n24 x 30\u00a0cm<br \/>\n136 pages<\/p>\n<p>&nbsp;<\/p>\n<p>Tirage de t\u00eate \u00e0 80 exemplaires avec dos toil\u00e9, accompagn\u00e9s chacun d\u2019une digigraphie in\u00e9dite, num\u00e9rot\u00e9e et sign\u00e9e par l\u2019artiste.<\/p>\n<p>&nbsp;<\/p>\n<p>Disponible uniquement \u00e0 la Galerie Barbier.<\/p>\n","protected":false},"excerpt":{"rendered":"<p>Tolsto\u00ef-Rabat\u00e9\u00a0: Une rencontre &nbsp; Edit\u00e9 par Marie Barbier \u00c9ditions. &nbsp; L\u2019ouvrage retrace la gen\u00e8se d\u2019Ibicus de Pascal Rabat\u00e9, librement adapt\u00e9 du roman d\u2019Alexis N. Tolsto\u00ef\u00a0: Ibicus ou les Aventures du<\/p>\n","protected":false},"featured_media":41635,"template":"","meta":{"_acf_changed":false},"product_cat":[19],"product_tag":[],"exhibition":[32],"artist":[33],"class_list":{"0":"post-41634","1":"product","2":"type-product","3":"status-publish","4":"has-post-thumbnail","6":"product_cat-livres","7":"exhibition-tolstoi-rabate-une-rencontre","8":"artist-pascal-rabate","10":"first","11":"instock","12":"shipping-taxable","13":"purchasable","14":"product-type-simple"},"acf":[],"_links":{"self":[{"href":"https:\/\/3r-prev.com\/gba\/wp-json\/wp\/v2\/product\/41634","targetHints":{"allow":["GET"]}}],"collection":[{"href":"https:\/\/3r-prev.com\/gba\/wp-json\/wp\/v2\/product"}],"about":[{"href":"https:\/\/3r-prev.com\/gba\/wp-json\/wp\/v2\/types\/product"}],"wp:featuredmedia":[{"embeddable":true,"href":"https:\/\/3r-prev.com\/gba\/wp-json\/wp\/v2\/media\/41635"}],"wp:attachment":[{"href":"https:\/\/3r-prev.com\/gba\/wp-json\/wp\/v2\/media?parent=41634"}],"wp:term":[{"taxonomy":"product_cat","embeddable":true,"href":"https:\/\/3r-prev.com\/gba\/wp-json\/wp\/v2\/product_cat?post=41634"},{"taxonomy":"product_tag","embeddable":true,"href":"https:\/\/3r-prev.com\/gba\/wp-json\/wp\/v2\/product_tag?post=41634"},{"taxonomy":"exhibition","embeddable":true,"href":"https:\/\/3r-prev.com\/gba\/wp-json\/wp\/v2\/exhibition?post=41634"},{"taxonomy":"artist","embeddable":true,"href":"https:\/\/3r-prev.com\/gba\/wp-json\/wp\/v2\/artist?post=41634"}],"curies":[{"name":"wp","href":"https:\/\/api.w.org\/{rel}","templated":true}]}}