{"id":41530,"date":"2021-01-12T14:46:44","date_gmt":"2021-01-12T13:46:44","guid":{"rendered":"https:\/\/3r-prev.com\/gba\/?post_type=product&#038;p=41530"},"modified":"2024-09-27T12:43:37","modified_gmt":"2024-09-27T10:43:37","slug":"terry-et-les-pirates-vol-3","status":"publish","type":"product","link":"https:\/\/3r-prev.com\/gba\/produit\/terry-et-les-pirates-vol-3\/","title":{"rendered":"MILTON CANIFF &#8211; Terry et les Pirates vol.3"},"content":{"rendered":"<p><strong>La suite des aventures du jeune Terry et de ses amis\u00a0!<\/strong><\/p>\n<p>&nbsp;<\/p>\n<p>Les \u00e9ditions Bdartist(e) poursuivent la publication de l\u2019int\u00e9gralit\u00e9 des strips du chef d\u2019oeuvre de Milton Caniff,<em>\u00a0Terry et les Pirates<\/em>. Ce troisi\u00e8me tome, qui rassemble les strips publi\u00e9s entre 1939 et 1940, est comme les pr\u00e9c\u00e9dents augment\u00e9 d\u2019hommages in\u00e9dits de grands noms de la bande dessin\u00e9e contemporaine. On y verra Terry, Pat et Connie, pris entre plusieurs feux dans une Chine en pleine guerre civile, user de tout leur courage et leur ruse pour d\u00e9jouer les pi\u00e8ges de leurs ennemis\u00a0!<\/p>\n<p>&nbsp;<\/p>\n<p>L\u2019ouvrage est d\u2019ores et d\u00e9j\u00e0 disponible chez votre libraire et, bien s\u00fbr, \u00e0 la galerie Barbier.<\/p>\n<p>&nbsp;<\/p>\n<p>Terry et les Pirates vol. 3, de Milton Caniff<br \/>\n22.5 x 29\u00a0cm<br \/>\n360 pages en quadrichromie.<\/p>\n","protected":false},"excerpt":{"rendered":"<p>La suite des aventures du jeune Terry et de ses amis\u00a0! &nbsp; Les \u00e9ditions Bdartist(e) poursuivent la publication de l\u2019int\u00e9gralit\u00e9 des strips du chef d\u2019oeuvre de Milton Caniff,\u00a0Terry et les<\/p>\n","protected":false},"featured_media":41531,"template":"","meta":{"_acf_changed":false},"product_cat":[19],"product_tag":[],"exhibition":[55],"artist":[56],"class_list":{"0":"post-41530","1":"product","2":"type-product","3":"status-publish","4":"has-post-thumbnail","6":"product_cat-livres","7":"exhibition-terry-les-pirates","8":"artist-milton-caniff","10":"first","11":"instock","12":"shipping-taxable","13":"purchasable","14":"product-type-simple"},"acf":[],"_links":{"self":[{"href":"https:\/\/3r-prev.com\/gba\/wp-json\/wp\/v2\/product\/41530","targetHints":{"allow":["GET"]}}],"collection":[{"href":"https:\/\/3r-prev.com\/gba\/wp-json\/wp\/v2\/product"}],"about":[{"href":"https:\/\/3r-prev.com\/gba\/wp-json\/wp\/v2\/types\/product"}],"wp:featuredmedia":[{"embeddable":true,"href":"https:\/\/3r-prev.com\/gba\/wp-json\/wp\/v2\/media\/41531"}],"wp:attachment":[{"href":"https:\/\/3r-prev.com\/gba\/wp-json\/wp\/v2\/media?parent=41530"}],"wp:term":[{"taxonomy":"product_cat","embeddable":true,"href":"https:\/\/3r-prev.com\/gba\/wp-json\/wp\/v2\/product_cat?post=41530"},{"taxonomy":"product_tag","embeddable":true,"href":"https:\/\/3r-prev.com\/gba\/wp-json\/wp\/v2\/product_tag?post=41530"},{"taxonomy":"exhibition","embeddable":true,"href":"https:\/\/3r-prev.com\/gba\/wp-json\/wp\/v2\/exhibition?post=41530"},{"taxonomy":"artist","embeddable":true,"href":"https:\/\/3r-prev.com\/gba\/wp-json\/wp\/v2\/artist?post=41530"}],"curies":[{"name":"wp","href":"https:\/\/api.w.org\/{rel}","templated":true}]}}