{"id":41527,"date":"2021-01-12T14:20:18","date_gmt":"2021-01-12T13:20:18","guid":{"rendered":"https:\/\/3r-prev.com\/gba\/?post_type=product&#038;p=41527"},"modified":"2024-09-27T12:43:37","modified_gmt":"2024-09-27T10:43:37","slug":"blueberry-amertume-apache","status":"publish","type":"product","link":"https:\/\/3r-prev.com\/gba\/produit\/blueberry-amertume-apache\/","title":{"rendered":"CHRISTOPHE BLAIN &#8211; Tirage de luxe &#8211; Blueberry &#8211; Amertume Apache"},"content":{"rendered":"<p>Tirage de luxe noir et blanc de\u00a0<em>Une aventure du Lieutenant Blueberry tome 1 &#8211; Amertume Apache<\/em><\/p>\n<p>&nbsp;<\/p>\n<p>Edit\u00e9 par Barbier &amp; Mathon<\/p>\n<p>&nbsp;<\/p>\n<p>Tirage limit\u00e9 \u00e0 350 exemplaires num\u00e9rot\u00e9s avec une couverture in\u00e9dite, accompagn\u00e9s d\u2019une s\u00e9rigraphie num\u00e9rot\u00e9e et sign\u00e9e par l\u2019artiste. Ouvrage initialement paru aux \u00e9ditions Dargaud, cette \u00e9dition est augment\u00e9e de cinquante pages de dessins pr\u00e9paratoires, croquis et storyboards. En vente exclusivement \u00e0 la galerie Barbier &amp; Mathon.<br \/>\nCet album a \u00e9t\u00e9 dessin\u00e9 par Christophe Blain, sur un sc\u00e9nario de Joann Sfar et Christophe Blain.<br \/>\nLa s\u00e9rie Blueberry a \u00e9t\u00e9 cr\u00e9\u00e9e par Jean-Michel Charlier et Jean Giraud.<\/p>\n<p>&nbsp;<\/p>\n<p>Parution 23 janvier 2020<br \/>\nISBN\u2009: 978-2-919243-33-4<\/p>\n<p>&nbsp;<\/p>\n<p>128 pages<br \/>\n23,5 x 31\u00a0cm<br \/>\nCouverture rigide<\/p>\n","protected":false},"excerpt":{"rendered":"<p>Tirage de luxe noir et blanc de\u00a0Une aventure du Lieutenant Blueberry tome 1 &#8211; Amertume Apache &nbsp; Edit\u00e9 par Barbier &amp; Mathon &nbsp; Tirage limit\u00e9 \u00e0 350 exemplaires num\u00e9rot\u00e9s avec<\/p>\n","protected":false},"featured_media":41528,"template":"","meta":{"_acf_changed":false},"product_cat":[19],"product_tag":[],"exhibition":[52],"artist":[53],"class_list":{"0":"post-41527","1":"product","2":"type-product","3":"status-publish","4":"has-post-thumbnail","6":"product_cat-livres","7":"exhibition-amertume-apache","8":"artist-christophe-blain","10":"first","11":"instock","12":"shipping-taxable","13":"purchasable","14":"product-type-simple"},"acf":[],"_links":{"self":[{"href":"https:\/\/3r-prev.com\/gba\/wp-json\/wp\/v2\/product\/41527","targetHints":{"allow":["GET"]}}],"collection":[{"href":"https:\/\/3r-prev.com\/gba\/wp-json\/wp\/v2\/product"}],"about":[{"href":"https:\/\/3r-prev.com\/gba\/wp-json\/wp\/v2\/types\/product"}],"wp:featuredmedia":[{"embeddable":true,"href":"https:\/\/3r-prev.com\/gba\/wp-json\/wp\/v2\/media\/41528"}],"wp:attachment":[{"href":"https:\/\/3r-prev.com\/gba\/wp-json\/wp\/v2\/media?parent=41527"}],"wp:term":[{"taxonomy":"product_cat","embeddable":true,"href":"https:\/\/3r-prev.com\/gba\/wp-json\/wp\/v2\/product_cat?post=41527"},{"taxonomy":"product_tag","embeddable":true,"href":"https:\/\/3r-prev.com\/gba\/wp-json\/wp\/v2\/product_tag?post=41527"},{"taxonomy":"exhibition","embeddable":true,"href":"https:\/\/3r-prev.com\/gba\/wp-json\/wp\/v2\/exhibition?post=41527"},{"taxonomy":"artist","embeddable":true,"href":"https:\/\/3r-prev.com\/gba\/wp-json\/wp\/v2\/artist?post=41527"}],"curies":[{"name":"wp","href":"https:\/\/api.w.org\/{rel}","templated":true}]}}