{"id":41514,"date":"2021-01-11T15:55:53","date_gmt":"2021-01-11T14:55:53","guid":{"rendered":"https:\/\/3r-prev.com\/gba\/?post_type=product&#038;p=41514"},"modified":"2024-09-27T12:43:36","modified_gmt":"2024-09-27T10:43:36","slug":"histoire-secrete-de-la-musique-moderne","status":"publish","type":"product","link":"https:\/\/3r-prev.com\/gba\/produit\/histoire-secrete-de-la-musique-moderne\/","title":{"rendered":"CHARLES BERBERIAN &#8211; Histoire secr\u00e8te de la musique moderne"},"content":{"rendered":"<p>Edit\u00e9 par \u00c9ditions Barbier<\/p>\n<p>&nbsp;<\/p>\n<p>Tirage limit\u00e9 \u00e0 280 exemplaires num\u00e9rot\u00e9s, chacun accompagn\u00e9 d\u2019une s\u00e9rigraphie in\u00e9dite, num\u00e9rot\u00e9e et sign\u00e9e par l\u2019artiste.<\/p>\n<p>&nbsp;<\/p>\n<p>En vente exclusivement \u00e0 la galerie Barbier.<\/p>\n<p>&nbsp;<\/p>\n<p>Toute la passion de Berberian pour les musiques se d\u00e9cline dans cette anthologie\u00a0: r\u00e9cits autobiographiques ou r\u00e9cits de concerts, reportages dessin\u00e9s ou affiches de festival, croquis sur le vif ou sayn\u00e8tes compos\u00e9es\u2026 Des dessins libres, flottant comme des notes dans l\u2019air du moment, foule des concerts de nuit ou \u00e9coutes solitaires \u00e0 deux sous des arbres r\u00eav\u00e9s &#8211; rock ou folk, ou autre. Sans pr\u00e9tendre \u00e0 l\u2019exhaustivit\u00e9 d\u2019un sujet red\u00e9couvert \u00e0 chaque \u00e9coute, \u00e0 chaque live, ce bel ouvrage est un t\u00e9moignage amus\u00e9 et amoureux de son auteur, \u00e0 la fois musicien et insatiable curieux.<\/p>\n<p>&nbsp;<\/p>\n<p>Parution le 28 janvier 2021, r\u00e9servations \u00e0\u00a0: <a href=\"mailto:info@galeriebarbier.com\">info@galeriebarbier.com<\/a><br \/>\nISBN\u2009: 978-2-919243-51-8<br \/>\n16 x 20,5\u00a0cm<br \/>\nCouverture cartonn\u00e9e, dos rond<br \/>\n192 pages en quadrichromie<\/p>\n","protected":false},"excerpt":{"rendered":"<p>Edit\u00e9 par \u00c9ditions Barbier &nbsp; Tirage limit\u00e9 \u00e0 280 exemplaires num\u00e9rot\u00e9s, chacun accompagn\u00e9 d\u2019une s\u00e9rigraphie in\u00e9dite, num\u00e9rot\u00e9e et sign\u00e9e par l\u2019artiste. &nbsp; En vente exclusivement \u00e0 la galerie Barbier. &nbsp;<\/p>\n","protected":false},"featured_media":41515,"template":"","meta":{"_acf_changed":false},"product_cat":[19],"product_tag":[],"exhibition":[45],"artist":[46],"class_list":{"0":"post-41514","1":"product","2":"type-product","3":"status-publish","4":"has-post-thumbnail","6":"product_cat-livres","7":"exhibition-une-epoque-fantastique","8":"artist-charles-berberian","10":"first","11":"instock","12":"shipping-taxable","13":"purchasable","14":"product-type-simple"},"acf":[],"_links":{"self":[{"href":"https:\/\/3r-prev.com\/gba\/wp-json\/wp\/v2\/product\/41514","targetHints":{"allow":["GET"]}}],"collection":[{"href":"https:\/\/3r-prev.com\/gba\/wp-json\/wp\/v2\/product"}],"about":[{"href":"https:\/\/3r-prev.com\/gba\/wp-json\/wp\/v2\/types\/product"}],"wp:featuredmedia":[{"embeddable":true,"href":"https:\/\/3r-prev.com\/gba\/wp-json\/wp\/v2\/media\/41515"}],"wp:attachment":[{"href":"https:\/\/3r-prev.com\/gba\/wp-json\/wp\/v2\/media?parent=41514"}],"wp:term":[{"taxonomy":"product_cat","embeddable":true,"href":"https:\/\/3r-prev.com\/gba\/wp-json\/wp\/v2\/product_cat?post=41514"},{"taxonomy":"product_tag","embeddable":true,"href":"https:\/\/3r-prev.com\/gba\/wp-json\/wp\/v2\/product_tag?post=41514"},{"taxonomy":"exhibition","embeddable":true,"href":"https:\/\/3r-prev.com\/gba\/wp-json\/wp\/v2\/exhibition?post=41514"},{"taxonomy":"artist","embeddable":true,"href":"https:\/\/3r-prev.com\/gba\/wp-json\/wp\/v2\/artist?post=41514"}],"curies":[{"name":"wp","href":"https:\/\/api.w.org\/{rel}","templated":true}]}}