{"id":41508,"date":"2021-01-11T13:43:55","date_gmt":"2021-01-11T12:43:55","guid":{"rendered":"https:\/\/3r-prev.com\/gba\/?post_type=product&#038;p=41508"},"modified":"2024-09-27T12:43:35","modified_gmt":"2024-09-27T10:43:35","slug":"trajectoire","status":"publish","type":"product","link":"https:\/\/3r-prev.com\/gba\/produit\/trajectoire\/","title":{"rendered":"MARC BATI &#8211; Trajectoire"},"content":{"rendered":"<p>Ouvrage publi\u00e9 \u00e0 l\u2019occasion de l\u2019exposition Trajectoire de Marc Bati du 11 octobre au 2 novembre 2019.<\/p>\n<p>&nbsp;<\/p>\n<p>Cet ouvrage, \u00e0 la fois catalogue de l\u2019exposition et monographie de l\u2019artiste est publi\u00e9 en tirage limit\u00e9 \u00e0 175 exemplaires num\u00e9rot\u00e9s et sign\u00e9s par l\u2019artiste, accompagn\u00e9s d\u2019une digigraphie num\u00e9rot\u00e9e et sign\u00e9e.<\/p>\n<p>&nbsp;<\/p>\n<p>\u201dMarc avait d\u00e9j\u00e0 ce sens de la beaut\u00e9, cet amour de la lumi\u00e8re, de la mer et de la nature. On a souvent parl\u00e9 de l\u2019influence que M\u0153bius a eue sur Marc, mais je pense que Jean s\u2019est nourri de ce sens de la beaut\u00e9 qu\u2019avait Marc, d\u00e9gag\u00e9 des na\u00efvet\u00e9s graphiques du d\u00e9butant.\u201d<br \/>\nExtrait de la pr\u00e9face de Jean Annestay<\/p>\n<p>&nbsp;<\/p>\n<p>En vente exclusivement \u00e0 la galerie Barbier.<\/p>\n<p>&nbsp;<\/p>\n<p>Parution 10 octobre 2019<br \/>\nISBN\u2009: 978-2-919243-31-0<br \/>\n128 pages quadri<br \/>\n24 x 30\u00a0cm<br \/>\nCouverture rigide<\/p>\n","protected":false},"excerpt":{"rendered":"<p>Ouvrage publi\u00e9 \u00e0 l\u2019occasion de l\u2019exposition Trajectoire de Marc Bati du 11 octobre au 2 novembre 2019. &nbsp; Cet ouvrage, \u00e0 la fois catalogue de l\u2019exposition et monographie de l\u2019artiste<\/p>\n","protected":false},"featured_media":41509,"template":"","meta":{"_acf_changed":false},"product_cat":[19],"product_tag":[],"exhibition":[42],"artist":[43],"class_list":{"0":"post-41508","1":"product","2":"type-product","3":"status-publish","4":"has-post-thumbnail","6":"product_cat-livres","7":"exhibition-trajectoire","8":"artist-marc-bati","10":"first","11":"instock","12":"shipping-taxable","13":"purchasable","14":"product-type-simple"},"acf":[],"_links":{"self":[{"href":"https:\/\/3r-prev.com\/gba\/wp-json\/wp\/v2\/product\/41508","targetHints":{"allow":["GET"]}}],"collection":[{"href":"https:\/\/3r-prev.com\/gba\/wp-json\/wp\/v2\/product"}],"about":[{"href":"https:\/\/3r-prev.com\/gba\/wp-json\/wp\/v2\/types\/product"}],"wp:featuredmedia":[{"embeddable":true,"href":"https:\/\/3r-prev.com\/gba\/wp-json\/wp\/v2\/media\/41509"}],"wp:attachment":[{"href":"https:\/\/3r-prev.com\/gba\/wp-json\/wp\/v2\/media?parent=41508"}],"wp:term":[{"taxonomy":"product_cat","embeddable":true,"href":"https:\/\/3r-prev.com\/gba\/wp-json\/wp\/v2\/product_cat?post=41508"},{"taxonomy":"product_tag","embeddable":true,"href":"https:\/\/3r-prev.com\/gba\/wp-json\/wp\/v2\/product_tag?post=41508"},{"taxonomy":"exhibition","embeddable":true,"href":"https:\/\/3r-prev.com\/gba\/wp-json\/wp\/v2\/exhibition?post=41508"},{"taxonomy":"artist","embeddable":true,"href":"https:\/\/3r-prev.com\/gba\/wp-json\/wp\/v2\/artist?post=41508"}],"curies":[{"name":"wp","href":"https:\/\/api.w.org\/{rel}","templated":true}]}}