{"id":29395,"date":"2024-06-05T12:05:31","date_gmt":"2024-06-05T10:05:31","guid":{"rendered":"https:\/\/3r-prev.com\/gba\/?post_type=product&#038;p=29395"},"modified":"2024-09-27T12:43:29","modified_gmt":"2024-09-27T10:43:29","slug":"revue-portfolio-n2-couverture-par-nicolas-de-crecy-version-kiosque","status":"publish","type":"product","link":"https:\/\/3r-prev.com\/gba\/produit\/revue-portfolio-n2-couverture-par-nicolas-de-crecy-version-kiosque\/","title":{"rendered":"REVUE PORTFOLIO N\u00b02 &#8211; COUVERTURE PAR NICOLAS DE CR\u00c9CY &#8211; VERSION KIOSQUE"},"content":{"rendered":"<p>Portfolio est une revue trimestrielle n\u00e9e d\u2019une envie commune d\u2019aller \u00e0 la rencontre d\u2019artistes, reconnus comme \u00e9mergents, issus de tous les univers artistiques pour se frotter \u00e0 la puissance de l\u2019art ! Qu\u2019est-ce que la cr\u00e9ation ? Quelles sont les conditions de son \u00e9mergence et de son d\u00e9veloppement ? Quels sont les chemins, esth\u00e9tiques comme intellectuels, qui imposent \u00e0 un artiste le modelage d\u2019une image plut\u00f4t qu\u2019une autre ? Une fois son geste r\u00e9alis\u00e9, comment sa position au monde change-t-elle ? Et, pour nous qui contemplons ces images, comment transforment-elles notre regard et, parfois m\u00eame, nos comportements ?Telles sont quelques-unes des questions abord\u00e9es dans Portfolio.<\/p>\n<p><strong>Direction le Japon<\/strong><\/p>\n<p>Depuis des d\u00e9cennies, le dialogue artistique et culturel entre la France et l\u2019archipel du Pacifique est d\u2019une intensit\u00e9 rare.<\/p>\n<p>Ces derni\u00e8res ann\u00e9es, cette histoire d\u2019amour s\u2019intensifie : la folie des mangas, le succ\u00e8s de la gastronomie japonaise ou encore la fascination que nous \u00e9prouvons pour un mode de vie&#8230; \u00e0 la fois si proche et si \u00e9loign\u00e9 du n\u00f4tre.<\/p>\n<p><b>Pour tenter de percer le myst\u00e8re et expliquer ce coup de foudre,\u00a0<\/b><i><b>Portfolio<\/b><\/i><b>\u00a0est parti \u00e0 la rencontre de 13 artistes fran\u00e7ais et\u00a0<span class=\"il\">japonais<\/span>.\u00a0<\/b><\/p>\n<p>La revue s\u2019ouvre sur une rencontre exceptionnelle entre la l\u00e9gende vivante <b>Rintar\u014d (<\/b><i><b>Albator, Astro Boy, Final Fantasy\u2026<\/b><\/i><b>)<\/b>\u00a0et le r\u00e9alisateur\u00a0<b>Marc Caro (<\/b><i><b>Delicatessen, La Cit\u00e9 des enfants perdus\u2026<\/b><\/i><b>)<\/b>. Ensemble, ils \u00e9voquent leur carri\u00e8re et leurs cr\u00e9ations, entre influences fran\u00e7aises et japonaises. Le voyage se poursuit avec le dessinateur\u00a0<b>Nicolas de\u00a0<span class=\"il\">Cr\u00e9cy<\/span><\/b>\u00a0et ses y\u014dkai.<\/p>\n<p>Thierry Marx,\u00a0chef cuisinier<\/p>\n<p>Yannick Lintz,\u00a0pr\u00e9sidente du mus\u00e9e Guimet<\/p>\n<p>Louise Mutrel,\u00a0photographe<\/p>\n<p>\u00c9lise Girard,\u00a0r\u00e9alisatrice<\/p>\n<p>Pierre-Elie de Pibrac,\u00a0photographe<\/p>\n<p>Isabelle Boinot,\u00a0illustratrice<\/p>\n<p>Nogi San,\u00a0peintre et artiste num\u00e9rique<b>\u00a0<\/b><\/p>\n<p>Emi Kusano,\u00a0AI artist<b>\u00a0<\/b><\/p>\n<p>David Prudhomme\u00a0et sa<b>\u00a0<\/b><i><b>Sumographie<\/b><\/i><b>,\u00a0<\/b>dessinateur<b>\u00a0<\/b><\/p>\n<p>Rosalie Stroesser\u00a0et sa BD\u00a0<i><b>Shiki, 4 saisons au\u00a0<span class=\"il\">Japon<\/span>,<\/b><\/i><b>\u00a0<\/b>dessinatrice<\/p>\n<p>136 pages<br \/>\nDimensions : 33 x 24 x 1 cm<\/p>\n","protected":false},"excerpt":{"rendered":"<p>Portfolio est une revue trimestrielle n\u00e9e d\u2019une envie commune d\u2019aller \u00e0 la rencontre d\u2019artistes, reconnus comme \u00e9mergents, issus de tous les univers artistiques pour se frotter \u00e0 la puissance de<\/p>\n","protected":false},"featured_media":41482,"template":"","meta":{"_acf_changed":false},"product_cat":[19],"product_tag":[],"exhibition":[],"artist":[64,192,265],"class_list":{"0":"post-29395","1":"product","2":"type-product","3":"status-publish","4":"has-post-thumbnail","6":"product_cat-livres","7":"artist-nicolas-de-crecy","8":"artist-nouveautes","9":"artist-portfolio","11":"first","12":"instock","13":"shipping-taxable","14":"purchasable","15":"product-type-simple"},"acf":[],"_links":{"self":[{"href":"https:\/\/3r-prev.com\/gba\/wp-json\/wp\/v2\/product\/29395","targetHints":{"allow":["GET"]}}],"collection":[{"href":"https:\/\/3r-prev.com\/gba\/wp-json\/wp\/v2\/product"}],"about":[{"href":"https:\/\/3r-prev.com\/gba\/wp-json\/wp\/v2\/types\/product"}],"wp:featuredmedia":[{"embeddable":true,"href":"https:\/\/3r-prev.com\/gba\/wp-json\/wp\/v2\/media\/41482"}],"wp:attachment":[{"href":"https:\/\/3r-prev.com\/gba\/wp-json\/wp\/v2\/media?parent=29395"}],"wp:term":[{"taxonomy":"product_cat","embeddable":true,"href":"https:\/\/3r-prev.com\/gba\/wp-json\/wp\/v2\/product_cat?post=29395"},{"taxonomy":"product_tag","embeddable":true,"href":"https:\/\/3r-prev.com\/gba\/wp-json\/wp\/v2\/product_tag?post=29395"},{"taxonomy":"exhibition","embeddable":true,"href":"https:\/\/3r-prev.com\/gba\/wp-json\/wp\/v2\/exhibition?post=29395"},{"taxonomy":"artist","embeddable":true,"href":"https:\/\/3r-prev.com\/gba\/wp-json\/wp\/v2\/artist?post=29395"}],"curies":[{"name":"wp","href":"https:\/\/api.w.org\/{rel}","templated":true}]}}