{"id":28487,"date":"2024-04-17T15:29:22","date_gmt":"2024-04-17T13:29:22","guid":{"rendered":"https:\/\/3r-prev.com\/gba\/?post_type=product&#038;p=28487"},"modified":"2024-09-27T12:43:24","modified_gmt":"2024-09-27T10:43:24","slug":"revue-portfolio-n1-couverture-par-invader-version-kiosque","status":"publish","type":"product","link":"https:\/\/3r-prev.com\/gba\/produit\/revue-portfolio-n1-couverture-par-invader-version-kiosque\/","title":{"rendered":"REVUE PORTFOLIO N\u00b01 &#8211; COUVERTURE PAR INVADER &#8211; VERSION KIOSQUE"},"content":{"rendered":"<p>Portfolio est une revue trimestrielle n\u00e9e d\u2019une envie commune d\u2019aller \u00e0 la rencontre d\u2019artistes, reconnus comme \u00e9mergents, issus de tous les univers artistiques pour se frotter \u00e0 la puissance de l\u2019art !Qu\u2019est-ce que la cr\u00e9ation ? Quelles sont les conditions de son \u00e9mergence et de son d\u00e9veloppement ? Quels sont les chemins, esth\u00e9tiques comme intellectuels, qui imposent \u00e0 un artiste le modelage d\u2019une image plut\u00f4t qu\u2019une autre ? Une fois son geste r\u00e9alis\u00e9, comment sa position au monde change-t-elle ? Et, pour nous qui contemplons ces images, comment transforment-elles notre regard et, parfois m\u00eame, nos comportements ?Telles sont quelques-unes des questions abord\u00e9es dans Portfolio.<\/p>\n<p><em>Le premier num\u00e9ro de Portfolio propose une rencontre entre deux c\u00e9l\u00e8bres artistes : le peintre, dessinateur et r\u00e9alisateur Enki\u00a0<span class=\"il\">Bilal<\/span>\u00a0et l\u2019artiste de street art\u00a0<span class=\"il\">Invader<\/span>\u00a0! Ils ont cr\u00e9\u00e9 des \u0153uvres d\u2019art o\u00f9 ils se rendent hommage et qui constituent les deux couvertures in\u00e9dites de Portfolio #1.<\/em><\/p>\n<p><em>Au cours d\u2019un long \u00e9change, ils \u00e9voquent leurs univers esth\u00e9tiques, leurs sources d\u2019inspiration, les points communs et les diff\u00e9rences qui caract\u00e9risent leurs d\u00e9marches. Ils dialoguent \u00e9galement sur des pr\u00e9occupations communes \u00e0 leur travail : les m\u00e9tamorphoses actuelles et \u00e0 venir de nos villes, les cons\u00e9quences de la rupture num\u00e9rique ou encore l\u2019insatiable esprit de conqu\u00eate qui anime l&rsquo;\u00eatre humain.<\/em><\/p>\n<p>&nbsp;<\/p>\n<p>Ce sont en tout une dizaine d&rsquo;entretiens avec des artistes de tous horizons qui sont propos\u00e9s dans ce premier num\u00e9ro :<\/p>\n<p>&nbsp;<\/p>\n<p><i>Fanny Liatard et J\u00e9r\u00e9my Trouilh<\/i>\u00a0&#8211; r\u00e9alisateurs du film Gagarine<\/p>\n<p><i>Marie-Pierre Dieterl\u00e9<\/i>, photographe<\/p>\n<p><i>Guillaume D\u00e9sanges<\/i>, Pr\u00e9sident du Palais de Tokyo<\/p>\n<p><i>Alisa Resnik<\/i>, photographe<\/p>\n<p><i>Gr\u00e9gory Chatonsky<\/i>, plasticien<\/p>\n<p><i>Dominique Vidal<\/i>, cr\u00e9ateur d\u2019effets sp\u00e9ciaux au Studio BUF (Fight Club, Avatar, etc.)<\/p>\n<p><i>Theo Deutinger<\/i>, architecte et dessinateur<\/p>\n<p><i>Lucas Harari<\/i>, auteur et illustrateur de bande dessin\u00e9e.<\/p>\n<p>&nbsp;<\/p>\n<p>136 pages<br \/>\nDimensions : 33 x 24 x 1 cm<\/p>\n","protected":false},"excerpt":{"rendered":"<p>Portfolio est une revue trimestrielle n\u00e9e d\u2019une envie commune d\u2019aller \u00e0 la rencontre d\u2019artistes, reconnus comme \u00e9mergents, issus de tous les univers artistiques pour se frotter \u00e0 la puissance de<\/p>\n","protected":false},"featured_media":41468,"template":"","meta":{"_acf_changed":false},"product_cat":[19],"product_tag":[],"exhibition":[],"artist":[50,264,192,265],"class_list":{"0":"post-28487","1":"product","2":"type-product","3":"status-publish","4":"has-post-thumbnail","6":"product_cat-livres","7":"artist-enki-bilal","8":"artist-invader","9":"artist-nouveautes","10":"artist-portfolio","12":"first","13":"instock","14":"shipping-taxable","15":"purchasable","16":"product-type-simple"},"acf":[],"_links":{"self":[{"href":"https:\/\/3r-prev.com\/gba\/wp-json\/wp\/v2\/product\/28487","targetHints":{"allow":["GET"]}}],"collection":[{"href":"https:\/\/3r-prev.com\/gba\/wp-json\/wp\/v2\/product"}],"about":[{"href":"https:\/\/3r-prev.com\/gba\/wp-json\/wp\/v2\/types\/product"}],"wp:featuredmedia":[{"embeddable":true,"href":"https:\/\/3r-prev.com\/gba\/wp-json\/wp\/v2\/media\/41468"}],"wp:attachment":[{"href":"https:\/\/3r-prev.com\/gba\/wp-json\/wp\/v2\/media?parent=28487"}],"wp:term":[{"taxonomy":"product_cat","embeddable":true,"href":"https:\/\/3r-prev.com\/gba\/wp-json\/wp\/v2\/product_cat?post=28487"},{"taxonomy":"product_tag","embeddable":true,"href":"https:\/\/3r-prev.com\/gba\/wp-json\/wp\/v2\/product_tag?post=28487"},{"taxonomy":"exhibition","embeddable":true,"href":"https:\/\/3r-prev.com\/gba\/wp-json\/wp\/v2\/exhibition?post=28487"},{"taxonomy":"artist","embeddable":true,"href":"https:\/\/3r-prev.com\/gba\/wp-json\/wp\/v2\/artist?post=28487"}],"curies":[{"name":"wp","href":"https:\/\/api.w.org\/{rel}","templated":true}]}}