{"id":34655,"date":"2024-07-26T09:59:02","date_gmt":"2024-07-26T07:59:02","guid":{"rendered":"https:\/\/3r-prev.com\/gba\/?page_id=34655"},"modified":"2024-07-26T10:01:14","modified_gmt":"2024-07-26T08:01:14","slug":"politique-de-confidentialite-2","status":"publish","type":"page","link":"https:\/\/3r-prev.com\/gba\/politique-de-confidentialite-2\/","title":{"rendered":"Politique de Confidentialit\u00e9"},"content":{"rendered":"<div class=\"wpb-content-wrapper\"><p>[vc_row][vc_column][vc_raw_html css=\u00a0\u00bb\u00a0\u00bb]JTNDc2VjdGlvbiUyMGNsYXNzJTNEJTIyZ2JhLWhlYWRlci1wcm9kJTIyJTNFJTBBJTA5JTNDZGl2JTIwY2xhc3MlM0QlMjJnYmEtaGVhZC11cHBlci1zZWMlMjIlM0UlMEElMDklMDklM0NoMSUzRVBPTElUSVFVRSUyMERFJTIwQ09ORklERU5USUFMSVQlQzMlODklM0MlMkZoMSUzRSUwQSUwOSUzQyUyRmRpdiUzRSUwQSUzQyUyRnNlY3Rpb24lM0U=[\/vc_raw_html][\/vc_column][\/vc_row][vc_row][vc_column width=\u00a0\u00bb2\/3&Prime;]<div class=\"dfd-spacer-module\"  data-units=\"px\" data-wide_resolution=\"1280\" data-wide_size=\"50\" data-normal_resolution=\"1024\" data-normal_size=\"50\" data-tablet_resolution=\"800\" data-tablet_size=\"50\" data-mobile_resolution=\"480\" data-mobile_size=\"50\" style=\"height: 50px;\"><\/div>[vc_column_text css=\u00a0\u00bb\u00a0\u00bb]Le pr\u00e9sent texte constitue les conditions g\u00e9n\u00e9rales d\u2019utilisation du site accessible \u00e0 l\u2019adresse \u201c<strong>https:\/\/www.galeriebarbier.com<\/strong>\u201d (ci-apr\u00e8s d\u00e9nomm\u00e9 le \u201cSite\u201d).<\/p>\n<p>En acc\u00e9dant ou en utilisant ce Site, vous \u00eates r\u00e9put\u00e9 accepter ces conditions g\u00e9n\u00e9rales et nous nous r\u00e9servons le droit de refuser l\u2019acc\u00e8s \u00e0 tout ou partie du Site \u00e0 tout utilisateur qui ne les respecterait pas.<br \/>\nNous vous informons que le Site est soumis au droit fran\u00e7ais, aux juridictions fran\u00e7aises et qu\u2019il a pour langue officielle le fran\u00e7ais.<\/p>\n<p><strong>Collecte et utilisation des donn\u00e9es<\/strong><br \/>\nIl peut vous \u00eatre demand\u00e9 votre adresse e-mail, nom, pr\u00e9nom et autres informations nominatives sur le Site par le biais de la newsletter ou le formulaire de commande de produit.<\/p>\n<p>Certaines informations demand\u00e9es dans les formulaires ont un caract\u00e8re obligatoire. Elles sont signal\u00e9es par un ast\u00e9risque. Nous tenons \u00e0 vous indiquer que si vous choisissez de ne pas nous les communiquer, nous ne serons pas \u00e0 m\u00eame de traiter votre demande.<\/p>\n<p>Les cat\u00e9gories de donn\u00e9es personnelles collect\u00e9es sont les suivantes :<br \/>\n\u2013 identit\u00e9<br \/>\n\u2013 adresse \u00e9lectronique<br \/>\n\u2013 adresse postale<br \/>\n\u2013 t\u00e9l\u00e9phone<\/p>\n<p>Seules les donn\u00e9es personnelles fournies volontairement par vous-m\u00eame sont recueillies. La soci\u00e9t\u00e9\u00a0<strong>Galerie Barbier-Meyer<\/strong>\u00a0les utilise pour r\u00e9pondre \u00e0 vos demandes concernant certains services, ainsi que pour optimiser le fonctionnement et l\u2019efficacit\u00e9 du Site.<br \/>\nNous nous engageons \u00e0 ne pas vendre ou communiquer \u00e0 des tiers les adresses de nos internautes sans leur accord pr\u00e9alable.<br \/>\nLes donn\u00e9es collect\u00e9es ne sont pas transf\u00e9r\u00e9es hors de l\u2019Union Europ\u00e9enne.<\/p>\n<p><strong>Droits d\u2019acc\u00e8s, de modification et de suppression de vos donn\u00e9es personnelles<\/strong><br \/>\nLes informations sont conserv\u00e9es par La soci\u00e9t\u00e9\u00a0<strong>Galerie Barbier-Meyer<\/strong>\u00a0pour une dur\u00e9e limit\u00e9e. Nous tenons \u00e0 vous informer que vous disposez, \u00e0 l\u2019\u00e9gard de toutes ces informations et notamment des donn\u00e9es personnelles collect\u00e9es ou g\u00e9n\u00e9r\u00e9es pr\u00e9alablement, au cours ou \u00e0 la suite du pr\u00e9sent traitement, d\u2019un droit d\u2019acc\u00e8s, de rectification et de retrait.<br \/>\nL\u2019exercice de ces droits se fera dans le respect des conditions pr\u00e9vues par la loi 78-17 du 6 janvier 1978 modifi\u00e9e et ses d\u00e9crets d\u2019application relatifs \u00e0 \u201d l\u2019informatique, aux fichiers et aux libert\u00e9s \u201d en faisant la demande directement par courrier aupr\u00e8s de :\u00a0<strong>Galerie Barbier-Meyer<\/strong>, Site Internet Galerie Barbier, 10 rue Choron Paris ou en envoyant un e-mail \u00e0\u00a0info@galeriebarbier.com<\/p>\n<p><strong>Cookies<\/strong><br \/>\nLa soci\u00e9t\u00e9\u00a0<strong>Galerie Barbier-Meyer<\/strong>\u00a0se r\u00e9serve le droit, aux bonnes fins d\u2019utilisation de son Site, ou de statistiques, de placer des \u00ab cookies \u00bb sur votre ordinateur et d\u2019y acc\u00e9der. Un cookie est un petit fichier, souvent anonyme, contenant des donn\u00e9es, notamment un identifiant unique, transmis par le serveur d\u2019un site web \u00e0 votre navigateur et stock\u00e9 sur le disque dur de votre ordinateur.<\/p>\n<p>Param\u00e9trage relatif aux cookies de votre navigateur :<br \/>\nVous pouvez configurer votre navigateur pour qu\u2019il accepte tous les cookies envoy\u00e9s par les sites que vous consultez, pour qu\u2019il rejette syst\u00e9matiquement tous ces cookies ou pour qu\u2019il vous demande \u00e0 chaque occasion si vous souhaitez ou non les accepter.<br \/>\nChaque navigateur \u00e9tant diff\u00e9rent, nous vous invitons \u00e0 consulter l\u2019aide de votre navigateur pour en savoir plus sur la fa\u00e7on de param\u00e9trer l\u2019acceptation des cookies.<\/p>\n<p>&nbsp;<\/p>\n<p><strong>H\u00e9bergement du site Web<br \/>\n<\/strong>Le Site est h\u00e9berg\u00e9 par la soci\u00e9t\u00e9 OVH.<br \/>\nOVH<br \/>\n2 rue Kellermann<br \/>\n59100 Roubaix<br \/>\nFrance[\/vc_column_text]<div class=\"dfd-spacer-module\"  data-units=\"px\" data-wide_resolution=\"1280\" data-wide_size=\"50\" data-normal_resolution=\"1024\" data-normal_size=\"50\" data-tablet_resolution=\"800\" data-tablet_size=\"50\" data-mobile_resolution=\"480\" data-mobile_size=\"50\" style=\"height: 50px;\"><\/div>[\/vc_column][vc_column width=\u00a0\u00bb1\/3&Prime;][\/vc_column][\/vc_row]<\/p>\n<\/div>","protected":false},"excerpt":{"rendered":"<p>[vc_row][vc_column][vc_raw_html css=\u00a0\u00bb\u00a0\u00bb]JTNDc2VjdGlvbiUyMGNsYXNzJTNEJTIyZ2JhLWhlYWRlci1wcm9kJTIyJTNFJTBBJTA5JTNDZGl2JTIwY2xhc3MlM0QlMjJnYmEtaGVhZC11cHBlci1zZWMlMjIlM0UlMEElMDklMDklM0NoMSUzRVBPTElUSVFVRSUyMERFJTIwQ09ORklERU5USUFMSVQlQzMlODklM0MlMkZoMSUzRSUwQSUwOSUzQyUyRmRpdiUzRSUwQSUzQyUyRnNlY3Rpb24lM0U=[\/vc_raw_html][\/vc_column][\/vc_row][vc_row][vc_column width=\u00a0\u00bb2\/3&Prime;][vc_column_text css=\u00a0\u00bb\u00a0\u00bb]Le pr\u00e9sent texte constitue les conditions g\u00e9n\u00e9rales d\u2019utilisation du site accessible \u00e0 l\u2019adresse \u201chttps:\/\/www.galeriebarbier.com\u201d (ci-apr\u00e8s d\u00e9nomm\u00e9 le \u201cSite\u201d). En acc\u00e9dant ou en utilisant ce Site, vous \u00eates<\/p>\n","protected":false},"author":1,"featured_media":0,"parent":0,"menu_order":0,"comment_status":"closed","ping_status":"closed","template":"page-custom.php","meta":{"_acf_changed":false,"footnotes":""},"class_list":["post-34655","page","type-page","status-publish","hentry"],"acf":[],"_links":{"self":[{"href":"https:\/\/3r-prev.com\/gba\/wp-json\/wp\/v2\/pages\/34655","targetHints":{"allow":["GET"]}}],"collection":[{"href":"https:\/\/3r-prev.com\/gba\/wp-json\/wp\/v2\/pages"}],"about":[{"href":"https:\/\/3r-prev.com\/gba\/wp-json\/wp\/v2\/types\/page"}],"author":[{"embeddable":true,"href":"https:\/\/3r-prev.com\/gba\/wp-json\/wp\/v2\/users\/1"}],"replies":[{"embeddable":true,"href":"https:\/\/3r-prev.com\/gba\/wp-json\/wp\/v2\/comments?post=34655"}],"version-history":[{"count":5,"href":"https:\/\/3r-prev.com\/gba\/wp-json\/wp\/v2\/pages\/34655\/revisions"}],"predecessor-version":[{"id":34660,"href":"https:\/\/3r-prev.com\/gba\/wp-json\/wp\/v2\/pages\/34655\/revisions\/34660"}],"wp:attachment":[{"href":"https:\/\/3r-prev.com\/gba\/wp-json\/wp\/v2\/media?parent=34655"}],"curies":[{"name":"wp","href":"https:\/\/api.w.org\/{rel}","templated":true}]}}