{"id":34181,"date":"2024-07-18T21:51:49","date_gmt":"2024-07-18T19:51:49","guid":{"rendered":"https:\/\/3r-prev.com\/gba\/?page_id=34181"},"modified":"2024-09-18T15:42:40","modified_gmt":"2024-09-18T13:42:40","slug":"a-propos","status":"publish","type":"page","link":"https:\/\/3r-prev.com\/gba\/a-propos\/","title":{"rendered":"La galerie"},"content":{"rendered":"<div class=\"wpb-content-wrapper\"><p>[vc_row][vc_column][vc_raw_html css=\u00a0\u00bb\u00a0\u00bb]JTNDc2VjdGlvbiUyMGNsYXNzJTNEJTIyZ2JhLWhlYWRlci1wcm9kJTIyJTIwc3R5bGUlM0QlMjJtYXJnaW4tYm90dG9tJTNBODBweCUyMiUzRSUwQSUyMCUyMCUyMCUyMCUyMCUyMCUyMCUyMCUyMCUyMCUyMCUyMCUyMCUyMCUyMCUyMCUyMCUyMCUyMCUyMCUyMCUyMCUyMCUyMCUyMCUyMCUyMCUyMCUyMCUyMCUyMCUyMCUyMCUyMCUyMCUyMCUzQ2RpdiUyMGNsYXNzJTNEJTIyZ2JhLWhlYWQtdXBwZXItc2VjJTIyJTNFJTBBJTIwJTIwJTIwJTIwJTIwJTIwJTIwJTIwJTIwJTIwJTIwJTIwJTIwJTIwJTIwJTIwJTIwJTIwJTIwJTIwJTIwJTIwJTIwJTIwJTIwJTIwJTIwJTIwJTIwJTIwJTIwJTIwJTIwJTIwJTIwJTIwJTIwJTIwJTIwJTIwJTNDaDElM0VMYSUyMGdhbGVyaWUlM0MlMkZoMSUzRSUwQSUwQSUyMCUyMCUyMCUyMCUyMCUyMCUyMCUyMCUyMCUyMCUyMCUyMCUyMCUyMCUyMCUyMCUyMCUyMCUyMCUyMCUyMCUyMCUyMCUyMCUyMCUyMCUyMCUyMCUyMCUyMCUyMCUyMCUzQyUyRnNlY3Rpb24lM0U=[\/vc_raw_html][\/vc_column][\/vc_row][vc_row][vc_column width=\u00a0\u00bb1\/2&Prime;][vc_column_text css=\u00a0\u00bb\u00a0\u00bb]Dirig\u00e9e par Jean-Baptiste Barbier, la galerie Barbier est sp\u00e9cialis\u00e9e dans l\u2019art de la bande dessin\u00e9e. Les artistes qu\u2019elle d\u00e9fend ont en commun leur singularit\u00e9 graphique et leur exigence, qui les poussent \u00e0 questionner les limites de l\u2019\u00e9criture en bande dessin\u00e9e, faisant d\u2019eux des acteurs majeurs du Neuvi\u00e8me art.<\/p>\n<p>La galerie accompagne depuis de nombreuses ann\u00e9es de grands artistes principalement fran\u00e7ais tels que Christophe Blain, Blutch, Nicolas de Cr\u00e9cy, Jean-Claude G\u00f6tting, Philippe Druillet, P\u00e9n\u00e9lope Bagieu, Enki Bilal et Catherine Meurisse ; ainsi que des artistes internationaux tels que l\u2019anglais Dave McKean ou le suisse Bernard Cosey. La galerie soutient \u00e9galement la jeune cr\u00e9ation en d\u00e9fendant des talents \u00e9mergents tels que Pierre-Henry Gomont, AJ Dungo ou Elene Usdin.<\/p>\n<p>Pour parfaire leur mise en valeur, la galerie r\u00e9alise des \u00e9ditions sp\u00e9ciales \u00e0 l\u2019occasion de ses expositions : catalogues, recueils de dessins, tirages de luxe en noir et blanc, sign\u00e9s par les artistes ou accompagn\u00e9s d\u2019ex libris.<\/p>\n<p>Anciennement galerie Bdartist(e) puis galerie Barbier &amp; Mathon, elle existe depuis le 16 octobre 2000. D\u2019abord situ\u00e9e rue Condorcet, elle b\u00e9n\u00e9ficie d\u00e9sormais de deux espaces d\u2019exposition distincts rue Choron \u00e0 Paris, lui permettant de pr\u00e9senter jusqu\u2019\u00e0 deux expositions en m\u00eame temps.<\/p>\n<p>Jean-Baptiste Barbier s\u2019attache \u00e9galement \u00e0 pousser le rayonnement des artistes qu\u2019il d\u00e9fend en r\u00e9alisant le commissariat d\u2019expositions institutionnelles telles que \u00ab\u00a0M\u00e9tal Hurlant (\u00c0 suivre) 1975-1997 : La bande dessin\u00e9e fait sa r\u00e9volution\u2026\u201d pr\u00e9sent\u00e9e au Fond H\u00e9l\u00e8ne &amp; \u00c9douard Leclerc pour la culture \u00e0 Landerneau entre d\u00e9cembre 2013 et mai 2014. En 2022, il a r\u00e9alis\u00e9 le co-commissariat de la r\u00e9trospective consacr\u00e9e \u00e0 Christophe Blain : \u00ab Dessiner le temps \u00bb, pr\u00e9sent\u00e9e au Vaisseau Moebius du 17 au 20 mars 2022, dans le cadre du 49\u00e8me Festival International de la Bande Dessin\u00e9e d\u2019Angoul\u00eame. En 2023, il a assur\u00e9 le co-commissariat de celle consacr\u00e9e \u00e0 Philippe Druillet : \u00ab Les 6 voyages de Philippe Druillet \u00bb pr\u00e9sent\u00e9e au Mus\u00e9e des Beaux-Arts d\u2019Angoul\u00eame du 26 janvier au 12 mars 2023.<\/p>\n<p>Souhaitant \u00e9galement se tourner vers la nouvelle g\u00e9n\u00e9ration, il fonde en 2023 le prix \u00ab\u00a0Philippe Druillet &#8211; galerie Barbier pour la jeune cr\u00e9ation\u00a0\u00bb qui r\u00e9compense un album publi\u00e9 par un auteur ou une autrice en d\u00e9but de carri\u00e8re. \u00c0 ce jour ont \u00e9t\u00e9 r\u00e9compens\u00e9s : \u00ab\u00a0La falaise\u00a0\u00bb de Manon Debaye (\u00e9ditions Sarbacane) et \u00ab\u00a0Sans panique\u00a0\u00bb de Coline H\u00e9gron (\u00e9ditions Delcourt).<br \/>\nIl est \u00e9galement le fondateur de la revue \u00ab Portfolio \u00bb qui para\u00eet tous les trois mois et qui met en avant \u00ab la cr\u00e9ation contemporaine en entretiens et en images \u00bb. Son premier num\u00e9ro, consacr\u00e9 \u00e0 Enki Bilal et au street artiste Invader, a paru en janvier 2024.[\/vc_column_text][\/vc_column][vc_column width=\u00a0\u00bb1\/2&Prime;][vc_single_image image=\u00a0\u00bb34673&Prime; img_size=\u00a0\u00bbfull\u00a0\u00bb css=\u00a0\u00bb\u00a0\u00bb][vc_raw_html css=\u00a0\u00bb\u00a0\u00bb]JTNDZW0lM0VKZWFuLUJhcHRpc3RlJTIwQmFyYmllciUzQyUyRmVtJTNF[\/vc_raw_html][\/vc_column][\/vc_row][vc_row][vc_column]<div class=\"dfd-spacer-module\"  data-units=\"px\" data-wide_resolution=\"1280\" data-wide_size=\"70\" data-normal_resolution=\"1024\" data-normal_size=\"70\" data-tablet_resolution=\"800\" data-tablet_size=\"70\" data-mobile_resolution=\"480\" data-mobile_size=\"\" style=\"height: 70px;\"><\/div>[\/vc_column][\/vc_row][vc_row][vc_column][vc_column_text css=\u00a0\u00bb\u00a0\u00bb]\n<div id=\"sb_instagram\"  class=\"sbi sbi_mob_col_1 sbi_tab_col_2 sbi_col_4 sbi_width_resp\" style=\"padding-bottom: 10px;\" data-feedid=\"*1\"  data-res=\"auto\" data-cols=\"4\" data-colsmobile=\"1\" data-colstablet=\"2\" data-num=\"12\" data-nummobile=\"12\" data-item-padding=\"5\" data-shortcode-atts=\"{&quot;feed&quot;:&quot;1&quot;}\"  data-postid=\"34181\" data-locatornonce=\"55532a97e5\" data-sbi-flags=\"favorLocal\">\n\t\n    <div id=\"sbi_images\"  style=\"gap: 10px;\">\n\t\t<div class=\"sbi_item sbi_type_image sbi_new sbi_transition\" id=\"sbi_17858064339314261\" data-date=\"1733295481\">\n    <div class=\"sbi_photo_wrap\">\n        <a class=\"sbi_photo\" href=\"https:\/\/www.instagram.com\/p\/DDJbAVxCruo\/\" target=\"_blank\" rel=\"noopener nofollow\" data-full-res=\"https:\/\/scontent-lhr6-2.cdninstagram.com\/v\/t51.75761-15\/469099010_18323726653083825_8744918934889244540_n.jpg?_nc_cat=105&#038;ccb=1-7&#038;_nc_sid=18de74&#038;_nc_ohc=VS6OtvnTB74Q7kNvgGSPo7z&#038;_nc_zt=23&#038;_nc_ht=scontent-lhr6-2.cdninstagram.com&#038;edm=ANo9K5cEAAAA&#038;_nc_gid=AdN0ZjvoYQUaaNT-35pOf0c&#038;oh=00_AYCfWGVxD9bZjl0AWvvmB39mMv7hrZmxcC_CpGT7KlCt6w&#038;oe=6755E8C8\" data-img-src-set=\"{&quot;d&quot;:&quot;https:\\\/\\\/scontent-lhr6-2.cdninstagram.com\\\/v\\\/t51.75761-15\\\/469099010_18323726653083825_8744918934889244540_n.jpg?_nc_cat=105&amp;ccb=1-7&amp;_nc_sid=18de74&amp;_nc_ohc=VS6OtvnTB74Q7kNvgGSPo7z&amp;_nc_zt=23&amp;_nc_ht=scontent-lhr6-2.cdninstagram.com&amp;edm=ANo9K5cEAAAA&amp;_nc_gid=AdN0ZjvoYQUaaNT-35pOf0c&amp;oh=00_AYCfWGVxD9bZjl0AWvvmB39mMv7hrZmxcC_CpGT7KlCt6w&amp;oe=6755E8C8&quot;,&quot;150&quot;:&quot;https:\\\/\\\/scontent-lhr6-2.cdninstagram.com\\\/v\\\/t51.75761-15\\\/469099010_18323726653083825_8744918934889244540_n.jpg?_nc_cat=105&amp;ccb=1-7&amp;_nc_sid=18de74&amp;_nc_ohc=VS6OtvnTB74Q7kNvgGSPo7z&amp;_nc_zt=23&amp;_nc_ht=scontent-lhr6-2.cdninstagram.com&amp;edm=ANo9K5cEAAAA&amp;_nc_gid=AdN0ZjvoYQUaaNT-35pOf0c&amp;oh=00_AYCfWGVxD9bZjl0AWvvmB39mMv7hrZmxcC_CpGT7KlCt6w&amp;oe=6755E8C8&quot;,&quot;320&quot;:&quot;https:\\\/\\\/scontent-lhr6-2.cdninstagram.com\\\/v\\\/t51.75761-15\\\/469099010_18323726653083825_8744918934889244540_n.jpg?_nc_cat=105&amp;ccb=1-7&amp;_nc_sid=18de74&amp;_nc_ohc=VS6OtvnTB74Q7kNvgGSPo7z&amp;_nc_zt=23&amp;_nc_ht=scontent-lhr6-2.cdninstagram.com&amp;edm=ANo9K5cEAAAA&amp;_nc_gid=AdN0ZjvoYQUaaNT-35pOf0c&amp;oh=00_AYCfWGVxD9bZjl0AWvvmB39mMv7hrZmxcC_CpGT7KlCt6w&amp;oe=6755E8C8&quot;,&quot;640&quot;:&quot;https:\\\/\\\/scontent-lhr6-2.cdninstagram.com\\\/v\\\/t51.75761-15\\\/469099010_18323726653083825_8744918934889244540_n.jpg?_nc_cat=105&amp;ccb=1-7&amp;_nc_sid=18de74&amp;_nc_ohc=VS6OtvnTB74Q7kNvgGSPo7z&amp;_nc_zt=23&amp;_nc_ht=scontent-lhr6-2.cdninstagram.com&amp;edm=ANo9K5cEAAAA&amp;_nc_gid=AdN0ZjvoYQUaaNT-35pOf0c&amp;oh=00_AYCfWGVxD9bZjl0AWvvmB39mMv7hrZmxcC_CpGT7KlCt6w&amp;oe=6755E8C8&quot;}\">\n            <span class=\"sbi-screenreader\">L\u2019exposition Slava de @phgomont est visible jusq<\/span>\n            \t                    <img decoding=\"async\" src=\"https:\/\/3r-prev.com\/gba\/wp-content\/plugins\/instagram-feed\/img\/placeholder.png\" alt=\"L\u2019exposition Slava de @phgomont est visible jusqu\u2019au samedi 21 d\u00e9cembre. \nPlus de 100 originaux des 3 tomes sont expos\u00e9s.\n\nEn collaboration avec @dargaud \n\n#pierrehenrygomont #slava #dargaud #galeriebarbier #editionsbarbier\">\n        <\/a>\n    <\/div>\n<\/div><div class=\"sbi_item sbi_type_video sbi_new sbi_transition\" id=\"sbi_18017845283635272\" data-date=\"1732202995\">\n    <div class=\"sbi_photo_wrap\">\n        <a class=\"sbi_photo\" href=\"https:\/\/www.instagram.com\/reel\/DCo3NhZiKqO\/\" target=\"_blank\" rel=\"noopener nofollow\" data-full-res=\"https:\/\/scontent-lhr8-2.cdninstagram.com\/v\/t51.75761-15\/467586729_18322208956083825_248730619617526166_n.jpg?_nc_cat=101&#038;ccb=1-7&#038;_nc_sid=18de74&#038;_nc_ohc=QNlOAKFlezUQ7kNvgGXyDT5&#038;_nc_zt=23&#038;_nc_ht=scontent-lhr8-2.cdninstagram.com&#038;edm=ANo9K5cEAAAA&#038;_nc_gid=AdN0ZjvoYQUaaNT-35pOf0c&#038;oh=00_AYCug3amyzBdr0mjGQ-JDKGhQB3KRKTiY7IiuWkqhSPlbw&#038;oe=6755FAEF\" data-img-src-set=\"{&quot;d&quot;:&quot;https:\\\/\\\/scontent-lhr8-2.cdninstagram.com\\\/v\\\/t51.75761-15\\\/467586729_18322208956083825_248730619617526166_n.jpg?_nc_cat=101&amp;ccb=1-7&amp;_nc_sid=18de74&amp;_nc_ohc=QNlOAKFlezUQ7kNvgGXyDT5&amp;_nc_zt=23&amp;_nc_ht=scontent-lhr8-2.cdninstagram.com&amp;edm=ANo9K5cEAAAA&amp;_nc_gid=AdN0ZjvoYQUaaNT-35pOf0c&amp;oh=00_AYCug3amyzBdr0mjGQ-JDKGhQB3KRKTiY7IiuWkqhSPlbw&amp;oe=6755FAEF&quot;,&quot;150&quot;:&quot;https:\\\/\\\/scontent-lhr8-2.cdninstagram.com\\\/v\\\/t51.75761-15\\\/467586729_18322208956083825_248730619617526166_n.jpg?_nc_cat=101&amp;ccb=1-7&amp;_nc_sid=18de74&amp;_nc_ohc=QNlOAKFlezUQ7kNvgGXyDT5&amp;_nc_zt=23&amp;_nc_ht=scontent-lhr8-2.cdninstagram.com&amp;edm=ANo9K5cEAAAA&amp;_nc_gid=AdN0ZjvoYQUaaNT-35pOf0c&amp;oh=00_AYCug3amyzBdr0mjGQ-JDKGhQB3KRKTiY7IiuWkqhSPlbw&amp;oe=6755FAEF&quot;,&quot;320&quot;:&quot;https:\\\/\\\/scontent-lhr8-2.cdninstagram.com\\\/v\\\/t51.75761-15\\\/467586729_18322208956083825_248730619617526166_n.jpg?_nc_cat=101&amp;ccb=1-7&amp;_nc_sid=18de74&amp;_nc_ohc=QNlOAKFlezUQ7kNvgGXyDT5&amp;_nc_zt=23&amp;_nc_ht=scontent-lhr8-2.cdninstagram.com&amp;edm=ANo9K5cEAAAA&amp;_nc_gid=AdN0ZjvoYQUaaNT-35pOf0c&amp;oh=00_AYCug3amyzBdr0mjGQ-JDKGhQB3KRKTiY7IiuWkqhSPlbw&amp;oe=6755FAEF&quot;,&quot;640&quot;:&quot;https:\\\/\\\/scontent-lhr8-2.cdninstagram.com\\\/v\\\/t51.75761-15\\\/467586729_18322208956083825_248730619617526166_n.jpg?_nc_cat=101&amp;ccb=1-7&amp;_nc_sid=18de74&amp;_nc_ohc=QNlOAKFlezUQ7kNvgGXyDT5&amp;_nc_zt=23&amp;_nc_ht=scontent-lhr8-2.cdninstagram.com&amp;edm=ANo9K5cEAAAA&amp;_nc_gid=AdN0ZjvoYQUaaNT-35pOf0c&amp;oh=00_AYCug3amyzBdr0mjGQ-JDKGhQB3KRKTiY7IiuWkqhSPlbw&amp;oe=6755FAEF&quot;}\">\n            <span class=\"sbi-screenreader\">Nous avons l\u2019immense plaisir d\u2019annoncer la s\u00e9<\/span>\n            \t        <svg style=\"color: rgba(255,255,255,1)\" class=\"svg-inline--fa fa-play fa-w-14 sbi_playbtn\" aria-label=\"Play\" aria-hidden=\"true\" data-fa-processed=\"\" data-prefix=\"fa\" data-icon=\"play\" role=\"presentation\" xmlns=\"http:\/\/www.w3.org\/2000\/svg\" viewBox=\"0 0 448 512\"><path fill=\"currentColor\" d=\"M424.4 214.7L72.4 6.6C43.8-10.3 0 6.1 0 47.9V464c0 37.5 40.7 60.1 72.4 41.3l352-208c31.4-18.5 31.5-64.1 0-82.6z\"><\/path><\/svg>            <img decoding=\"async\" src=\"https:\/\/3r-prev.com\/gba\/wp-content\/plugins\/instagram-feed\/img\/placeholder.png\" alt=\"Nous avons l\u2019immense plaisir d\u2019annoncer la s\u00e9lection de Scorchy Smith et le g\u00e9nie de Noel Sickles pour le prix Patrimoine \u00e0 @bdangouleme !! \ud83e\udd73\nUn grand merci aux membres du Comit\u00e9 de s\u00e9lection !!\n\n#fibd2025 #noelsickles #scorchysmith #galeriebarbier #editionsbarbier #bdangouleme\">\n        <\/a>\n    <\/div>\n<\/div><div class=\"sbi_item sbi_type_carousel sbi_new sbi_transition\" id=\"sbi_17945360375913046\" data-date=\"1732172706\">\n    <div class=\"sbi_photo_wrap\">\n        <a class=\"sbi_photo\" href=\"https:\/\/www.instagram.com\/p\/DCn9e42iqJR\/\" target=\"_blank\" rel=\"noopener nofollow\" data-full-res=\"https:\/\/scontent-lhr6-2.cdninstagram.com\/v\/t51.75761-15\/467412357_18322164910083825_3996834632033678531_n.jpg?_nc_cat=100&#038;ccb=1-7&#038;_nc_sid=18de74&#038;_nc_ohc=B9nx5KNJiQUQ7kNvgGEh5Fg&#038;_nc_zt=23&#038;_nc_ht=scontent-lhr6-2.cdninstagram.com&#038;edm=ANo9K5cEAAAA&#038;_nc_gid=AdN0ZjvoYQUaaNT-35pOf0c&#038;oh=00_AYDqYkwUDnlU1wS6sRZTZgr9a0YN_OAGhilyFWfCDQAGyA&#038;oe=675608A9\" data-img-src-set=\"{&quot;d&quot;:&quot;https:\\\/\\\/scontent-lhr6-2.cdninstagram.com\\\/v\\\/t51.75761-15\\\/467412357_18322164910083825_3996834632033678531_n.jpg?_nc_cat=100&amp;ccb=1-7&amp;_nc_sid=18de74&amp;_nc_ohc=B9nx5KNJiQUQ7kNvgGEh5Fg&amp;_nc_zt=23&amp;_nc_ht=scontent-lhr6-2.cdninstagram.com&amp;edm=ANo9K5cEAAAA&amp;_nc_gid=AdN0ZjvoYQUaaNT-35pOf0c&amp;oh=00_AYDqYkwUDnlU1wS6sRZTZgr9a0YN_OAGhilyFWfCDQAGyA&amp;oe=675608A9&quot;,&quot;150&quot;:&quot;https:\\\/\\\/scontent-lhr6-2.cdninstagram.com\\\/v\\\/t51.75761-15\\\/467412357_18322164910083825_3996834632033678531_n.jpg?_nc_cat=100&amp;ccb=1-7&amp;_nc_sid=18de74&amp;_nc_ohc=B9nx5KNJiQUQ7kNvgGEh5Fg&amp;_nc_zt=23&amp;_nc_ht=scontent-lhr6-2.cdninstagram.com&amp;edm=ANo9K5cEAAAA&amp;_nc_gid=AdN0ZjvoYQUaaNT-35pOf0c&amp;oh=00_AYDqYkwUDnlU1wS6sRZTZgr9a0YN_OAGhilyFWfCDQAGyA&amp;oe=675608A9&quot;,&quot;320&quot;:&quot;https:\\\/\\\/scontent-lhr6-2.cdninstagram.com\\\/v\\\/t51.75761-15\\\/467412357_18322164910083825_3996834632033678531_n.jpg?_nc_cat=100&amp;ccb=1-7&amp;_nc_sid=18de74&amp;_nc_ohc=B9nx5KNJiQUQ7kNvgGEh5Fg&amp;_nc_zt=23&amp;_nc_ht=scontent-lhr6-2.cdninstagram.com&amp;edm=ANo9K5cEAAAA&amp;_nc_gid=AdN0ZjvoYQUaaNT-35pOf0c&amp;oh=00_AYDqYkwUDnlU1wS6sRZTZgr9a0YN_OAGhilyFWfCDQAGyA&amp;oe=675608A9&quot;,&quot;640&quot;:&quot;https:\\\/\\\/scontent-lhr6-2.cdninstagram.com\\\/v\\\/t51.75761-15\\\/467412357_18322164910083825_3996834632033678531_n.jpg?_nc_cat=100&amp;ccb=1-7&amp;_nc_sid=18de74&amp;_nc_ohc=B9nx5KNJiQUQ7kNvgGEh5Fg&amp;_nc_zt=23&amp;_nc_ht=scontent-lhr6-2.cdninstagram.com&amp;edm=ANo9K5cEAAAA&amp;_nc_gid=AdN0ZjvoYQUaaNT-35pOf0c&amp;oh=00_AYDqYkwUDnlU1wS6sRZTZgr9a0YN_OAGhilyFWfCDQAGyA&amp;oe=675608A9&quot;}\">\n            <span class=\"sbi-screenreader\">Vernissage de l\u2019exposition @phgomont ce jeudi 21<\/span>\n            <svg class=\"svg-inline--fa fa-clone fa-w-16 sbi_lightbox_carousel_icon\" aria-hidden=\"true\" aria-label=\"Clone\" data-fa-pro\u0192cessed=\"\" data-prefix=\"far\" data-icon=\"clone\" role=\"img\" xmlns=\"http:\/\/www.w3.org\/2000\/svg\" viewBox=\"0 0 512 512\">\n\t                <path fill=\"currentColor\" d=\"M464 0H144c-26.51 0-48 21.49-48 48v48H48c-26.51 0-48 21.49-48 48v320c0 26.51 21.49 48 48 48h320c26.51 0 48-21.49 48-48v-48h48c26.51 0 48-21.49 48-48V48c0-26.51-21.49-48-48-48zM362 464H54a6 6 0 0 1-6-6V150a6 6 0 0 1 6-6h42v224c0 26.51 21.49 48 48 48h224v42a6 6 0 0 1-6 6zm96-96H150a6 6 0 0 1-6-6V54a6 6 0 0 1 6-6h308a6 6 0 0 1 6 6v308a6 6 0 0 1-6 6z\"><\/path>\n\t            <\/svg>\t                    <img decoding=\"async\" src=\"https:\/\/3r-prev.com\/gba\/wp-content\/plugins\/instagram-feed\/img\/placeholder.png\" alt=\"Vernissage de l\u2019exposition @phgomont ce jeudi 21 novembre de 19h \u00e0 21h, en pr\u00e9sence de l\u2019artiste !\n\nNous pr\u00e9sentons une centaine d\u2019\u0153uvres originales des 3 tomes de Slava !\n\nEntr\u00e9e libre.\nEn collaboration avec @dargaud \n\n#pierrehenrygomont #slava #dargaud\">\n        <\/a>\n    <\/div>\n<\/div><div class=\"sbi_item sbi_type_carousel sbi_new sbi_transition\" id=\"sbi_17852378721325429\" data-date=\"1731230573\">\n    <div class=\"sbi_photo_wrap\">\n        <a class=\"sbi_photo\" href=\"https:\/\/www.instagram.com\/p\/DCL4gV5iJD2\/\" target=\"_blank\" rel=\"noopener nofollow\" data-full-res=\"https:\/\/scontent-lhr6-2.cdninstagram.com\/v\/t51.75761-15\/465805376_18320900464083825_3656478630658225690_n.jpg?_nc_cat=100&#038;ccb=1-7&#038;_nc_sid=18de74&#038;_nc_ohc=3RZfiwt5w_0Q7kNvgHCevMZ&#038;_nc_zt=23&#038;_nc_ht=scontent-lhr6-2.cdninstagram.com&#038;edm=ANo9K5cEAAAA&#038;_nc_gid=AdN0ZjvoYQUaaNT-35pOf0c&#038;oh=00_AYAR1HhRG1CKWQ1_uI1IysJPOadEzJlVGYjYCcN_-V4f-w&#038;oe=67560367\" data-img-src-set=\"{&quot;d&quot;:&quot;https:\\\/\\\/scontent-lhr6-2.cdninstagram.com\\\/v\\\/t51.75761-15\\\/465805376_18320900464083825_3656478630658225690_n.jpg?_nc_cat=100&amp;ccb=1-7&amp;_nc_sid=18de74&amp;_nc_ohc=3RZfiwt5w_0Q7kNvgHCevMZ&amp;_nc_zt=23&amp;_nc_ht=scontent-lhr6-2.cdninstagram.com&amp;edm=ANo9K5cEAAAA&amp;_nc_gid=AdN0ZjvoYQUaaNT-35pOf0c&amp;oh=00_AYAR1HhRG1CKWQ1_uI1IysJPOadEzJlVGYjYCcN_-V4f-w&amp;oe=67560367&quot;,&quot;150&quot;:&quot;https:\\\/\\\/scontent-lhr6-2.cdninstagram.com\\\/v\\\/t51.75761-15\\\/465805376_18320900464083825_3656478630658225690_n.jpg?_nc_cat=100&amp;ccb=1-7&amp;_nc_sid=18de74&amp;_nc_ohc=3RZfiwt5w_0Q7kNvgHCevMZ&amp;_nc_zt=23&amp;_nc_ht=scontent-lhr6-2.cdninstagram.com&amp;edm=ANo9K5cEAAAA&amp;_nc_gid=AdN0ZjvoYQUaaNT-35pOf0c&amp;oh=00_AYAR1HhRG1CKWQ1_uI1IysJPOadEzJlVGYjYCcN_-V4f-w&amp;oe=67560367&quot;,&quot;320&quot;:&quot;https:\\\/\\\/scontent-lhr6-2.cdninstagram.com\\\/v\\\/t51.75761-15\\\/465805376_18320900464083825_3656478630658225690_n.jpg?_nc_cat=100&amp;ccb=1-7&amp;_nc_sid=18de74&amp;_nc_ohc=3RZfiwt5w_0Q7kNvgHCevMZ&amp;_nc_zt=23&amp;_nc_ht=scontent-lhr6-2.cdninstagram.com&amp;edm=ANo9K5cEAAAA&amp;_nc_gid=AdN0ZjvoYQUaaNT-35pOf0c&amp;oh=00_AYAR1HhRG1CKWQ1_uI1IysJPOadEzJlVGYjYCcN_-V4f-w&amp;oe=67560367&quot;,&quot;640&quot;:&quot;https:\\\/\\\/scontent-lhr6-2.cdninstagram.com\\\/v\\\/t51.75761-15\\\/465805376_18320900464083825_3656478630658225690_n.jpg?_nc_cat=100&amp;ccb=1-7&amp;_nc_sid=18de74&amp;_nc_ohc=3RZfiwt5w_0Q7kNvgHCevMZ&amp;_nc_zt=23&amp;_nc_ht=scontent-lhr6-2.cdninstagram.com&amp;edm=ANo9K5cEAAAA&amp;_nc_gid=AdN0ZjvoYQUaaNT-35pOf0c&amp;oh=00_AYAR1HhRG1CKWQ1_uI1IysJPOadEzJlVGYjYCcN_-V4f-w&amp;oe=67560367&quot;}\">\n            <span class=\"sbi-screenreader\">@gabriellepiquet viendra samedi 16 novembre de 15h<\/span>\n            <svg class=\"svg-inline--fa fa-clone fa-w-16 sbi_lightbox_carousel_icon\" aria-hidden=\"true\" aria-label=\"Clone\" data-fa-pro\u0192cessed=\"\" data-prefix=\"far\" data-icon=\"clone\" role=\"img\" xmlns=\"http:\/\/www.w3.org\/2000\/svg\" viewBox=\"0 0 512 512\">\n\t                <path fill=\"currentColor\" d=\"M464 0H144c-26.51 0-48 21.49-48 48v48H48c-26.51 0-48 21.49-48 48v320c0 26.51 21.49 48 48 48h320c26.51 0 48-21.49 48-48v-48h48c26.51 0 48-21.49 48-48V48c0-26.51-21.49-48-48-48zM362 464H54a6 6 0 0 1-6-6V150a6 6 0 0 1 6-6h42v224c0 26.51 21.49 48 48 48h224v42a6 6 0 0 1-6 6zm96-96H150a6 6 0 0 1-6-6V54a6 6 0 0 1 6-6h308a6 6 0 0 1 6 6v308a6 6 0 0 1-6 6z\"><\/path>\n\t            <\/svg>\t                    <img decoding=\"async\" src=\"https:\/\/3r-prev.com\/gba\/wp-content\/plugins\/instagram-feed\/img\/placeholder.png\" alt=\"@gabriellepiquet viendra samedi 16 novembre de 15h \u00e0 18h d\u00e9dicacer son ouvrage Filer la ligne, en \u00e9dition luxe et en \u00e9dition librairie, publi\u00e9 par @galerie.barbier .\n\nInscription par mail :louise@galeriebarbier.com\n\n#gabriellepiquet #filerlaligne #galeriebarbier\">\n        <\/a>\n    <\/div>\n<\/div><div class=\"sbi_item sbi_type_image sbi_new sbi_transition\" id=\"sbi_18034881149351175\" data-date=\"1731062048\">\n    <div class=\"sbi_photo_wrap\">\n        <a class=\"sbi_photo\" href=\"https:\/\/www.instagram.com\/p\/DCG3EcpCTJu\/\" target=\"_blank\" rel=\"noopener nofollow\" data-full-res=\"https:\/\/scontent-lhr6-1.cdninstagram.com\/v\/t51.75761-15\/465932177_18320662627083825_2837125289005214344_n.jpg?_nc_cat=109&#038;ccb=1-7&#038;_nc_sid=18de74&#038;_nc_ohc=QRhxWmK9a4MQ7kNvgHPF4NX&#038;_nc_zt=23&#038;_nc_ht=scontent-lhr6-1.cdninstagram.com&#038;edm=ANo9K5cEAAAA&#038;_nc_gid=AdN0ZjvoYQUaaNT-35pOf0c&#038;oh=00_AYBro6eAvNwafIG6M_n8IKQEnD8GOIPnkTMCPGIpTOXZiQ&#038;oe=6755EEB3\" data-img-src-set=\"{&quot;d&quot;:&quot;https:\\\/\\\/scontent-lhr6-1.cdninstagram.com\\\/v\\\/t51.75761-15\\\/465932177_18320662627083825_2837125289005214344_n.jpg?_nc_cat=109&amp;ccb=1-7&amp;_nc_sid=18de74&amp;_nc_ohc=QRhxWmK9a4MQ7kNvgHPF4NX&amp;_nc_zt=23&amp;_nc_ht=scontent-lhr6-1.cdninstagram.com&amp;edm=ANo9K5cEAAAA&amp;_nc_gid=AdN0ZjvoYQUaaNT-35pOf0c&amp;oh=00_AYBro6eAvNwafIG6M_n8IKQEnD8GOIPnkTMCPGIpTOXZiQ&amp;oe=6755EEB3&quot;,&quot;150&quot;:&quot;https:\\\/\\\/scontent-lhr6-1.cdninstagram.com\\\/v\\\/t51.75761-15\\\/465932177_18320662627083825_2837125289005214344_n.jpg?_nc_cat=109&amp;ccb=1-7&amp;_nc_sid=18de74&amp;_nc_ohc=QRhxWmK9a4MQ7kNvgHPF4NX&amp;_nc_zt=23&amp;_nc_ht=scontent-lhr6-1.cdninstagram.com&amp;edm=ANo9K5cEAAAA&amp;_nc_gid=AdN0ZjvoYQUaaNT-35pOf0c&amp;oh=00_AYBro6eAvNwafIG6M_n8IKQEnD8GOIPnkTMCPGIpTOXZiQ&amp;oe=6755EEB3&quot;,&quot;320&quot;:&quot;https:\\\/\\\/scontent-lhr6-1.cdninstagram.com\\\/v\\\/t51.75761-15\\\/465932177_18320662627083825_2837125289005214344_n.jpg?_nc_cat=109&amp;ccb=1-7&amp;_nc_sid=18de74&amp;_nc_ohc=QRhxWmK9a4MQ7kNvgHPF4NX&amp;_nc_zt=23&amp;_nc_ht=scontent-lhr6-1.cdninstagram.com&amp;edm=ANo9K5cEAAAA&amp;_nc_gid=AdN0ZjvoYQUaaNT-35pOf0c&amp;oh=00_AYBro6eAvNwafIG6M_n8IKQEnD8GOIPnkTMCPGIpTOXZiQ&amp;oe=6755EEB3&quot;,&quot;640&quot;:&quot;https:\\\/\\\/scontent-lhr6-1.cdninstagram.com\\\/v\\\/t51.75761-15\\\/465932177_18320662627083825_2837125289005214344_n.jpg?_nc_cat=109&amp;ccb=1-7&amp;_nc_sid=18de74&amp;_nc_ohc=QRhxWmK9a4MQ7kNvgHPF4NX&amp;_nc_zt=23&amp;_nc_ht=scontent-lhr6-1.cdninstagram.com&amp;edm=ANo9K5cEAAAA&amp;_nc_gid=AdN0ZjvoYQUaaNT-35pOf0c&amp;oh=00_AYBro6eAvNwafIG6M_n8IKQEnD8GOIPnkTMCPGIpTOXZiQ&amp;oe=6755EEB3&quot;}\">\n            <span class=\"sbi-screenreader\">@dominique_bertail d\u00e9dicacera samedi 16 novembre <\/span>\n            \t                    <img decoding=\"async\" src=\"https:\/\/3r-prev.com\/gba\/wp-content\/plugins\/instagram-feed\/img\/placeholder.png\" alt=\"@dominique_bertail d\u00e9dicacera samedi 16 novembre de 15h \u00e0 18h les \u00e9ditions de Madeleine, r\u00e9sistante, \u00e9dit\u00e9es par la galerie. \n\nInscription par mail : louise@galeriebarbier.com\n\n#madeleineresistante #madeleineriffaud #dominiquebertail #jeandavidmorvan #dupuisbd #galeriebarbier\">\n        <\/a>\n    <\/div>\n<\/div><div class=\"sbi_item sbi_type_image sbi_new sbi_transition\" id=\"sbi_18070140637718972\" data-date=\"1730959665\">\n    <div class=\"sbi_photo_wrap\">\n        <a class=\"sbi_photo\" href=\"https:\/\/www.instagram.com\/p\/DCDzykjCXvc\/\" target=\"_blank\" rel=\"noopener nofollow\" data-full-res=\"https:\/\/scontent-lhr8-2.cdninstagram.com\/v\/t51.75761-15\/465822485_18320520628083825_1839528169912393031_n.jpg?_nc_cat=106&#038;ccb=1-7&#038;_nc_sid=18de74&#038;_nc_ohc=HfB4ceNKSfsQ7kNvgGBu38L&#038;_nc_zt=23&#038;_nc_ht=scontent-lhr8-2.cdninstagram.com&#038;edm=ANo9K5cEAAAA&#038;_nc_gid=AdN0ZjvoYQUaaNT-35pOf0c&#038;oh=00_AYAKLDY-qHsYdH3OT39DOUhxLPP-Z6mjxMJ-vIGWzy52_Q&#038;oe=6755E9E3\" data-img-src-set=\"{&quot;d&quot;:&quot;https:\\\/\\\/scontent-lhr8-2.cdninstagram.com\\\/v\\\/t51.75761-15\\\/465822485_18320520628083825_1839528169912393031_n.jpg?_nc_cat=106&amp;ccb=1-7&amp;_nc_sid=18de74&amp;_nc_ohc=HfB4ceNKSfsQ7kNvgGBu38L&amp;_nc_zt=23&amp;_nc_ht=scontent-lhr8-2.cdninstagram.com&amp;edm=ANo9K5cEAAAA&amp;_nc_gid=AdN0ZjvoYQUaaNT-35pOf0c&amp;oh=00_AYAKLDY-qHsYdH3OT39DOUhxLPP-Z6mjxMJ-vIGWzy52_Q&amp;oe=6755E9E3&quot;,&quot;150&quot;:&quot;https:\\\/\\\/scontent-lhr8-2.cdninstagram.com\\\/v\\\/t51.75761-15\\\/465822485_18320520628083825_1839528169912393031_n.jpg?_nc_cat=106&amp;ccb=1-7&amp;_nc_sid=18de74&amp;_nc_ohc=HfB4ceNKSfsQ7kNvgGBu38L&amp;_nc_zt=23&amp;_nc_ht=scontent-lhr8-2.cdninstagram.com&amp;edm=ANo9K5cEAAAA&amp;_nc_gid=AdN0ZjvoYQUaaNT-35pOf0c&amp;oh=00_AYAKLDY-qHsYdH3OT39DOUhxLPP-Z6mjxMJ-vIGWzy52_Q&amp;oe=6755E9E3&quot;,&quot;320&quot;:&quot;https:\\\/\\\/scontent-lhr8-2.cdninstagram.com\\\/v\\\/t51.75761-15\\\/465822485_18320520628083825_1839528169912393031_n.jpg?_nc_cat=106&amp;ccb=1-7&amp;_nc_sid=18de74&amp;_nc_ohc=HfB4ceNKSfsQ7kNvgGBu38L&amp;_nc_zt=23&amp;_nc_ht=scontent-lhr8-2.cdninstagram.com&amp;edm=ANo9K5cEAAAA&amp;_nc_gid=AdN0ZjvoYQUaaNT-35pOf0c&amp;oh=00_AYAKLDY-qHsYdH3OT39DOUhxLPP-Z6mjxMJ-vIGWzy52_Q&amp;oe=6755E9E3&quot;,&quot;640&quot;:&quot;https:\\\/\\\/scontent-lhr8-2.cdninstagram.com\\\/v\\\/t51.75761-15\\\/465822485_18320520628083825_1839528169912393031_n.jpg?_nc_cat=106&amp;ccb=1-7&amp;_nc_sid=18de74&amp;_nc_ohc=HfB4ceNKSfsQ7kNvgGBu38L&amp;_nc_zt=23&amp;_nc_ht=scontent-lhr8-2.cdninstagram.com&amp;edm=ANo9K5cEAAAA&amp;_nc_gid=AdN0ZjvoYQUaaNT-35pOf0c&amp;oh=00_AYAKLDY-qHsYdH3OT39DOUhxLPP-Z6mjxMJ-vIGWzy52_Q&amp;oe=6755E9E3&quot;}\">\n            <span class=\"sbi-screenreader\">Vernissage de l\u2019exposition Slava de @phgomont je<\/span>\n            \t                    <img decoding=\"async\" src=\"https:\/\/3r-prev.com\/gba\/wp-content\/plugins\/instagram-feed\/img\/placeholder.png\" alt=\"Vernissage de l\u2019exposition Slava de @phgomont jeudi 21 novembre de 19h \u00e0 21h, en pr\u00e9sence de l\u2019artiste !!\n\nCette exposition pr\u00e9sente les couvertures et planches des 3 tomes de Slava ! \nPlus de 100 \u0153uvres originales \u00e0 d\u00e9couvrir !!\nEn collaboration avec @dargaud \n\nEntr\u00e9e libre.\n\n#pierrehenrygomont #slava #dargaud #galeriebarbier\">\n        <\/a>\n    <\/div>\n<\/div><div class=\"sbi_item sbi_type_image sbi_new sbi_transition\" id=\"sbi_18012513320427631\" data-date=\"1730914514\">\n    <div class=\"sbi_photo_wrap\">\n        <a class=\"sbi_photo\" href=\"https:\/\/www.instagram.com\/p\/DCCdq5SC2dw\/\" target=\"_blank\" rel=\"noopener nofollow\" data-full-res=\"https:\/\/scontent-lhr8-1.cdninstagram.com\/v\/t51.75761-15\/465775339_18320461336083825_27190446609410239_n.jpg?_nc_cat=111&#038;ccb=1-7&#038;_nc_sid=18de74&#038;_nc_ohc=3Ubs73PQfdIQ7kNvgGiRJW2&#038;_nc_zt=23&#038;_nc_ht=scontent-lhr8-1.cdninstagram.com&#038;edm=ANo9K5cEAAAA&#038;_nc_gid=AdN0ZjvoYQUaaNT-35pOf0c&#038;oh=00_AYA6QsU8qJxyR7ehW7xKtIZ4LZowOxW8uXsoyuxjFgS76g&#038;oe=6755DA6B\" data-img-src-set=\"{&quot;d&quot;:&quot;https:\\\/\\\/scontent-lhr8-1.cdninstagram.com\\\/v\\\/t51.75761-15\\\/465775339_18320461336083825_27190446609410239_n.jpg?_nc_cat=111&amp;ccb=1-7&amp;_nc_sid=18de74&amp;_nc_ohc=3Ubs73PQfdIQ7kNvgGiRJW2&amp;_nc_zt=23&amp;_nc_ht=scontent-lhr8-1.cdninstagram.com&amp;edm=ANo9K5cEAAAA&amp;_nc_gid=AdN0ZjvoYQUaaNT-35pOf0c&amp;oh=00_AYA6QsU8qJxyR7ehW7xKtIZ4LZowOxW8uXsoyuxjFgS76g&amp;oe=6755DA6B&quot;,&quot;150&quot;:&quot;https:\\\/\\\/scontent-lhr8-1.cdninstagram.com\\\/v\\\/t51.75761-15\\\/465775339_18320461336083825_27190446609410239_n.jpg?_nc_cat=111&amp;ccb=1-7&amp;_nc_sid=18de74&amp;_nc_ohc=3Ubs73PQfdIQ7kNvgGiRJW2&amp;_nc_zt=23&amp;_nc_ht=scontent-lhr8-1.cdninstagram.com&amp;edm=ANo9K5cEAAAA&amp;_nc_gid=AdN0ZjvoYQUaaNT-35pOf0c&amp;oh=00_AYA6QsU8qJxyR7ehW7xKtIZ4LZowOxW8uXsoyuxjFgS76g&amp;oe=6755DA6B&quot;,&quot;320&quot;:&quot;https:\\\/\\\/scontent-lhr8-1.cdninstagram.com\\\/v\\\/t51.75761-15\\\/465775339_18320461336083825_27190446609410239_n.jpg?_nc_cat=111&amp;ccb=1-7&amp;_nc_sid=18de74&amp;_nc_ohc=3Ubs73PQfdIQ7kNvgGiRJW2&amp;_nc_zt=23&amp;_nc_ht=scontent-lhr8-1.cdninstagram.com&amp;edm=ANo9K5cEAAAA&amp;_nc_gid=AdN0ZjvoYQUaaNT-35pOf0c&amp;oh=00_AYA6QsU8qJxyR7ehW7xKtIZ4LZowOxW8uXsoyuxjFgS76g&amp;oe=6755DA6B&quot;,&quot;640&quot;:&quot;https:\\\/\\\/scontent-lhr8-1.cdninstagram.com\\\/v\\\/t51.75761-15\\\/465775339_18320461336083825_27190446609410239_n.jpg?_nc_cat=111&amp;ccb=1-7&amp;_nc_sid=18de74&amp;_nc_ohc=3Ubs73PQfdIQ7kNvgGiRJW2&amp;_nc_zt=23&amp;_nc_ht=scontent-lhr8-1.cdninstagram.com&amp;edm=ANo9K5cEAAAA&amp;_nc_gid=AdN0ZjvoYQUaaNT-35pOf0c&amp;oh=00_AYA6QsU8qJxyR7ehW7xKtIZ4LZowOxW8uXsoyuxjFgS76g&amp;oe=6755DA6B&quot;}\">\n            <span class=\"sbi-screenreader\">C\u2019est avec une immense tristesse que nous appren<\/span>\n            \t                    <img decoding=\"async\" src=\"https:\/\/3r-prev.com\/gba\/wp-content\/plugins\/instagram-feed\/img\/placeholder.png\" alt=\"C\u2019est avec une immense tristesse que nous apprenons la disparition de Madeleine Riffaud.\n\nToutes nos condol\u00e9ances \u00e0 sa famille et \u00e0 ses proches.\n\nL\u2019exposition Madeleine, r\u00e9sistante est visible jusqu\u2019au samedi 16 novembre.\n\n#madeleineriffaud #madeleineresistante #dominiquebertail #jeandavidmorvan #dupuis #dupuisbd\">\n        <\/a>\n    <\/div>\n<\/div><div class=\"sbi_item sbi_type_carousel sbi_new sbi_transition\" id=\"sbi_18060340600696275\" data-date=\"1729528671\">\n    <div class=\"sbi_photo_wrap\">\n        <a class=\"sbi_photo\" href=\"https:\/\/www.instagram.com\/p\/DBZKYqyCSlc\/\" target=\"_blank\" rel=\"noopener nofollow\" data-full-res=\"https:\/\/scontent-lhr6-1.cdninstagram.com\/v\/t51.75761-15\/464088199_18318429610083825_3424371406430722516_n.jpg?_nc_cat=102&#038;ccb=1-7&#038;_nc_sid=18de74&#038;_nc_ohc=7KyeSqTkA3QQ7kNvgHwRLrL&#038;_nc_zt=23&#038;_nc_ht=scontent-lhr6-1.cdninstagram.com&#038;edm=ANo9K5cEAAAA&#038;_nc_gid=AdN0ZjvoYQUaaNT-35pOf0c&#038;oh=00_AYA6WAjHFk1MXoFCvfm5OCF_isOLJONDFPGT6BLDhdmQSw&#038;oe=6755D25C\" data-img-src-set=\"{&quot;d&quot;:&quot;https:\\\/\\\/scontent-lhr6-1.cdninstagram.com\\\/v\\\/t51.75761-15\\\/464088199_18318429610083825_3424371406430722516_n.jpg?_nc_cat=102&amp;ccb=1-7&amp;_nc_sid=18de74&amp;_nc_ohc=7KyeSqTkA3QQ7kNvgHwRLrL&amp;_nc_zt=23&amp;_nc_ht=scontent-lhr6-1.cdninstagram.com&amp;edm=ANo9K5cEAAAA&amp;_nc_gid=AdN0ZjvoYQUaaNT-35pOf0c&amp;oh=00_AYA6WAjHFk1MXoFCvfm5OCF_isOLJONDFPGT6BLDhdmQSw&amp;oe=6755D25C&quot;,&quot;150&quot;:&quot;https:\\\/\\\/scontent-lhr6-1.cdninstagram.com\\\/v\\\/t51.75761-15\\\/464088199_18318429610083825_3424371406430722516_n.jpg?_nc_cat=102&amp;ccb=1-7&amp;_nc_sid=18de74&amp;_nc_ohc=7KyeSqTkA3QQ7kNvgHwRLrL&amp;_nc_zt=23&amp;_nc_ht=scontent-lhr6-1.cdninstagram.com&amp;edm=ANo9K5cEAAAA&amp;_nc_gid=AdN0ZjvoYQUaaNT-35pOf0c&amp;oh=00_AYA6WAjHFk1MXoFCvfm5OCF_isOLJONDFPGT6BLDhdmQSw&amp;oe=6755D25C&quot;,&quot;320&quot;:&quot;https:\\\/\\\/scontent-lhr6-1.cdninstagram.com\\\/v\\\/t51.75761-15\\\/464088199_18318429610083825_3424371406430722516_n.jpg?_nc_cat=102&amp;ccb=1-7&amp;_nc_sid=18de74&amp;_nc_ohc=7KyeSqTkA3QQ7kNvgHwRLrL&amp;_nc_zt=23&amp;_nc_ht=scontent-lhr6-1.cdninstagram.com&amp;edm=ANo9K5cEAAAA&amp;_nc_gid=AdN0ZjvoYQUaaNT-35pOf0c&amp;oh=00_AYA6WAjHFk1MXoFCvfm5OCF_isOLJONDFPGT6BLDhdmQSw&amp;oe=6755D25C&quot;,&quot;640&quot;:&quot;https:\\\/\\\/scontent-lhr6-1.cdninstagram.com\\\/v\\\/t51.75761-15\\\/464088199_18318429610083825_3424371406430722516_n.jpg?_nc_cat=102&amp;ccb=1-7&amp;_nc_sid=18de74&amp;_nc_ohc=7KyeSqTkA3QQ7kNvgHwRLrL&amp;_nc_zt=23&amp;_nc_ht=scontent-lhr6-1.cdninstagram.com&amp;edm=ANo9K5cEAAAA&amp;_nc_gid=AdN0ZjvoYQUaaNT-35pOf0c&amp;oh=00_AYA6WAjHFk1MXoFCvfm5OCF_isOLJONDFPGT6BLDhdmQSw&amp;oe=6755D25C&quot;}\">\n            <span class=\"sbi-screenreader\">Soir\u00e9e Frank Miller, en pr\u00e9sence de l\u2019artiste,<\/span>\n            <svg class=\"svg-inline--fa fa-clone fa-w-16 sbi_lightbox_carousel_icon\" aria-hidden=\"true\" aria-label=\"Clone\" data-fa-pro\u0192cessed=\"\" data-prefix=\"far\" data-icon=\"clone\" role=\"img\" xmlns=\"http:\/\/www.w3.org\/2000\/svg\" viewBox=\"0 0 512 512\">\n\t                <path fill=\"currentColor\" d=\"M464 0H144c-26.51 0-48 21.49-48 48v48H48c-26.51 0-48 21.49-48 48v320c0 26.51 21.49 48 48 48h320c26.51 0 48-21.49 48-48v-48h48c26.51 0 48-21.49 48-48V48c0-26.51-21.49-48-48-48zM362 464H54a6 6 0 0 1-6-6V150a6 6 0 0 1 6-6h42v224c0 26.51 21.49 48 48 48h224v42a6 6 0 0 1-6 6zm96-96H150a6 6 0 0 1-6-6V54a6 6 0 0 1 6-6h308a6 6 0 0 1 6 6v308a6 6 0 0 1-6 6z\"><\/path>\n\t            <\/svg>\t                    <img decoding=\"async\" src=\"https:\/\/3r-prev.com\/gba\/wp-content\/plugins\/instagram-feed\/img\/placeholder.png\" alt=\"Soir\u00e9e Frank Miller, en pr\u00e9sence de l\u2019artiste, mercredi 23 octobre de 18h \u00e0 21h !\n\nA cette occasion, sera pr\u00e9sent\u00e9e pour la premi\u00e8re fois la s\u00e9rigraphie Goldie, \u00e9dit\u00e9e par @mel_publisher !\n\nEntr\u00e9e libre !\n\n#frankmiller #sincity #silennthomas #melpublisher #galeriebarbier\">\n        <\/a>\n    <\/div>\n<\/div><div class=\"sbi_item sbi_type_image sbi_new sbi_transition\" id=\"sbi_17981455922750487\" data-date=\"1729030022\">\n    <div class=\"sbi_photo_wrap\">\n        <a class=\"sbi_photo\" href=\"https:\/\/www.instagram.com\/p\/DBKTSYGiM_X\/\" target=\"_blank\" rel=\"noopener nofollow\" data-full-res=\"https:\/\/scontent-lhr6-1.cdninstagram.com\/v\/t51.75761-15\/463058738_18317716948083825_1652182775816057836_n.jpg?_nc_cat=102&#038;ccb=1-7&#038;_nc_sid=18de74&#038;_nc_ohc=XSRgQaR-ofMQ7kNvgE9djAC&#038;_nc_zt=23&#038;_nc_ht=scontent-lhr6-1.cdninstagram.com&#038;edm=ANo9K5cEAAAA&#038;_nc_gid=AdN0ZjvoYQUaaNT-35pOf0c&#038;oh=00_AYDy8NJQTGbH5lxZKYibxVcOqzsT4mf3_xeclqyhpgcP8g&#038;oe=6755E075\" data-img-src-set=\"{&quot;d&quot;:&quot;https:\\\/\\\/scontent-lhr6-1.cdninstagram.com\\\/v\\\/t51.75761-15\\\/463058738_18317716948083825_1652182775816057836_n.jpg?_nc_cat=102&amp;ccb=1-7&amp;_nc_sid=18de74&amp;_nc_ohc=XSRgQaR-ofMQ7kNvgE9djAC&amp;_nc_zt=23&amp;_nc_ht=scontent-lhr6-1.cdninstagram.com&amp;edm=ANo9K5cEAAAA&amp;_nc_gid=AdN0ZjvoYQUaaNT-35pOf0c&amp;oh=00_AYDy8NJQTGbH5lxZKYibxVcOqzsT4mf3_xeclqyhpgcP8g&amp;oe=6755E075&quot;,&quot;150&quot;:&quot;https:\\\/\\\/scontent-lhr6-1.cdninstagram.com\\\/v\\\/t51.75761-15\\\/463058738_18317716948083825_1652182775816057836_n.jpg?_nc_cat=102&amp;ccb=1-7&amp;_nc_sid=18de74&amp;_nc_ohc=XSRgQaR-ofMQ7kNvgE9djAC&amp;_nc_zt=23&amp;_nc_ht=scontent-lhr6-1.cdninstagram.com&amp;edm=ANo9K5cEAAAA&amp;_nc_gid=AdN0ZjvoYQUaaNT-35pOf0c&amp;oh=00_AYDy8NJQTGbH5lxZKYibxVcOqzsT4mf3_xeclqyhpgcP8g&amp;oe=6755E075&quot;,&quot;320&quot;:&quot;https:\\\/\\\/scontent-lhr6-1.cdninstagram.com\\\/v\\\/t51.75761-15\\\/463058738_18317716948083825_1652182775816057836_n.jpg?_nc_cat=102&amp;ccb=1-7&amp;_nc_sid=18de74&amp;_nc_ohc=XSRgQaR-ofMQ7kNvgE9djAC&amp;_nc_zt=23&amp;_nc_ht=scontent-lhr6-1.cdninstagram.com&amp;edm=ANo9K5cEAAAA&amp;_nc_gid=AdN0ZjvoYQUaaNT-35pOf0c&amp;oh=00_AYDy8NJQTGbH5lxZKYibxVcOqzsT4mf3_xeclqyhpgcP8g&amp;oe=6755E075&quot;,&quot;640&quot;:&quot;https:\\\/\\\/scontent-lhr6-1.cdninstagram.com\\\/v\\\/t51.75761-15\\\/463058738_18317716948083825_1652182775816057836_n.jpg?_nc_cat=102&amp;ccb=1-7&amp;_nc_sid=18de74&amp;_nc_ohc=XSRgQaR-ofMQ7kNvgE9djAC&amp;_nc_zt=23&amp;_nc_ht=scontent-lhr6-1.cdninstagram.com&amp;edm=ANo9K5cEAAAA&amp;_nc_gid=AdN0ZjvoYQUaaNT-35pOf0c&amp;oh=00_AYDy8NJQTGbH5lxZKYibxVcOqzsT4mf3_xeclqyhpgcP8g&amp;oe=6755E075&quot;}\">\n            <span class=\"sbi-screenreader\">Denis Villeneuve , r\u00e9alisateur des magnifiques Du<\/span>\n            \t                    <img decoding=\"async\" src=\"https:\/\/3r-prev.com\/gba\/wp-content\/plugins\/instagram-feed\/img\/placeholder.png\" alt=\"Denis Villeneuve , r\u00e9alisateur des magnifiques Dune, re\u00e7oit en avant-premi\u00e8re son exemplaire du Druillet Lovecraft !\nUn grand merci \u2764\ufe0f\u2764\ufe0f\u2764\ufe0f. \n\n#denisvilleneuve #philippedruillet #druilletlovecraft #lovecraft #hplovecraft #dunemovie #galeriebarbier #tanyalapointe\">\n        <\/a>\n    <\/div>\n<\/div><div class=\"sbi_item sbi_type_carousel sbi_new sbi_transition\" id=\"sbi_18046580452985719\" data-date=\"1728418622\">\n    <div class=\"sbi_photo_wrap\">\n        <a class=\"sbi_photo\" href=\"https:\/\/www.instagram.com\/p\/DA4FImXxapW\/\" target=\"_blank\" rel=\"noopener nofollow\" data-full-res=\"https:\/\/scontent-lhr8-2.cdninstagram.com\/v\/t39.30808-6\/468949582_18323348407083825_4010413787891449327_n.jpg?_nc_cat=103&#038;ccb=1-7&#038;_nc_sid=18de74&#038;_nc_ohc=6zCtW8VffOoQ7kNvgFLpOjT&#038;_nc_zt=23&#038;_nc_ht=scontent-lhr8-2.cdninstagram.com&#038;edm=ANo9K5cEAAAA&#038;_nc_gid=AdN0ZjvoYQUaaNT-35pOf0c&#038;oh=00_AYBa2Jw3BUKU7Dh3WGkz8N7lpQSQWRHVrJDwJmC0Wa3l4Q&#038;oe=6755FD64\" data-img-src-set=\"{&quot;d&quot;:&quot;https:\\\/\\\/scontent-lhr8-2.cdninstagram.com\\\/v\\\/t39.30808-6\\\/468949582_18323348407083825_4010413787891449327_n.jpg?_nc_cat=103&amp;ccb=1-7&amp;_nc_sid=18de74&amp;_nc_ohc=6zCtW8VffOoQ7kNvgFLpOjT&amp;_nc_zt=23&amp;_nc_ht=scontent-lhr8-2.cdninstagram.com&amp;edm=ANo9K5cEAAAA&amp;_nc_gid=AdN0ZjvoYQUaaNT-35pOf0c&amp;oh=00_AYBa2Jw3BUKU7Dh3WGkz8N7lpQSQWRHVrJDwJmC0Wa3l4Q&amp;oe=6755FD64&quot;,&quot;150&quot;:&quot;https:\\\/\\\/scontent-lhr8-2.cdninstagram.com\\\/v\\\/t39.30808-6\\\/468949582_18323348407083825_4010413787891449327_n.jpg?_nc_cat=103&amp;ccb=1-7&amp;_nc_sid=18de74&amp;_nc_ohc=6zCtW8VffOoQ7kNvgFLpOjT&amp;_nc_zt=23&amp;_nc_ht=scontent-lhr8-2.cdninstagram.com&amp;edm=ANo9K5cEAAAA&amp;_nc_gid=AdN0ZjvoYQUaaNT-35pOf0c&amp;oh=00_AYBa2Jw3BUKU7Dh3WGkz8N7lpQSQWRHVrJDwJmC0Wa3l4Q&amp;oe=6755FD64&quot;,&quot;320&quot;:&quot;https:\\\/\\\/scontent-lhr8-2.cdninstagram.com\\\/v\\\/t39.30808-6\\\/468949582_18323348407083825_4010413787891449327_n.jpg?_nc_cat=103&amp;ccb=1-7&amp;_nc_sid=18de74&amp;_nc_ohc=6zCtW8VffOoQ7kNvgFLpOjT&amp;_nc_zt=23&amp;_nc_ht=scontent-lhr8-2.cdninstagram.com&amp;edm=ANo9K5cEAAAA&amp;_nc_gid=AdN0ZjvoYQUaaNT-35pOf0c&amp;oh=00_AYBa2Jw3BUKU7Dh3WGkz8N7lpQSQWRHVrJDwJmC0Wa3l4Q&amp;oe=6755FD64&quot;,&quot;640&quot;:&quot;https:\\\/\\\/scontent-lhr8-2.cdninstagram.com\\\/v\\\/t39.30808-6\\\/468949582_18323348407083825_4010413787891449327_n.jpg?_nc_cat=103&amp;ccb=1-7&amp;_nc_sid=18de74&amp;_nc_ohc=6zCtW8VffOoQ7kNvgFLpOjT&amp;_nc_zt=23&amp;_nc_ht=scontent-lhr8-2.cdninstagram.com&amp;edm=ANo9K5cEAAAA&amp;_nc_gid=AdN0ZjvoYQUaaNT-35pOf0c&amp;oh=00_AYBa2Jw3BUKU7Dh3WGkz8N7lpQSQWRHVrJDwJmC0Wa3l4Q&amp;oe=6755FD64&quot;}\">\n            <span class=\"sbi-screenreader\"><\/span>\n            <svg class=\"svg-inline--fa fa-clone fa-w-16 sbi_lightbox_carousel_icon\" aria-hidden=\"true\" aria-label=\"Clone\" data-fa-pro\u0192cessed=\"\" data-prefix=\"far\" data-icon=\"clone\" role=\"img\" xmlns=\"http:\/\/www.w3.org\/2000\/svg\" viewBox=\"0 0 512 512\">\n\t                <path fill=\"currentColor\" d=\"M464 0H144c-26.51 0-48 21.49-48 48v48H48c-26.51 0-48 21.49-48 48v320c0 26.51 21.49 48 48 48h320c26.51 0 48-21.49 48-48v-48h48c26.51 0 48-21.49 48-48V48c0-26.51-21.49-48-48-48zM362 464H54a6 6 0 0 1-6-6V150a6 6 0 0 1 6-6h42v224c0 26.51 21.49 48 48 48h224v42a6 6 0 0 1-6 6zm96-96H150a6 6 0 0 1-6-6V54a6 6 0 0 1 6-6h308a6 6 0 0 1 6 6v308a6 6 0 0 1-6 6z\"><\/path>\n\t            <\/svg>\t                    <img decoding=\"async\" src=\"https:\/\/3r-prev.com\/gba\/wp-content\/plugins\/instagram-feed\/img\/placeholder.png\" alt=\"ATTENTION \u00c9V\u00c9NEMENT :  MERCREDI 23 OCTOBRE : \n\n\u00c0 l\u2019occasion de l\u2019exposition La Bande Dessin\u00e9e \u00e0 tous les \u00e9tages au @centrepompidou \u00e0 Paris jusqu\u2019au 4 novembre 2024, les \u00e9ditions Barbier sont fi\u00e8res de d\u00e9voiler une collaboration in\u00e9dite avec l\u2019artiste @frankmillerofficial , \nfigure incontournable du 9\u1d49 art.\n\nDessinateur et sc\u00e9nariste mythique, il a r\u00e9volutionn\u00e9 le genre des comics avec des \u0153uvres marquantes telles que The Dark Knight Returns ou l\u2019embl\u00e9matique s\u00e9rie Sin City !\n\nCr\u00e9\u00e9e \u00e0 partir de l\u2019univers graphique caract\u00e9ristique de la s\u00e9rie, fait uniquement de noir et de blanc, d\u00e9couvrez la planche de skateboard Sin City en \u00e9dition limit\u00e9e \u00e0 100 exemplaires, sign\u00e9s et num\u00e9rot\u00e9s par l\u2019artiste.\n\n\u00c0 l\u2019occasion de cette soir\u00e9e exceptionnelle, des surprises vous attendent \u00e9galement en collaboration avec @frankmillerpresents et @mel_publisher !!\n\nNe manquez pas cette soir\u00e9e en pr\u00e9sence de FRANK MILLER !!\n\n#frankmiller #sincity #thedarkknightreturns #ronin #300 #frankmillerpresents #melpublisher #silennthomas #centrepompidou\">\n        <\/a>\n    <\/div>\n<\/div><div class=\"sbi_item sbi_type_carousel sbi_new sbi_transition\" id=\"sbi_18111844063409817\" data-date=\"1727600706\">\n    <div class=\"sbi_photo_wrap\">\n        <a class=\"sbi_photo\" href=\"https:\/\/www.instagram.com\/p\/DAftFVqC78i\/\" target=\"_blank\" rel=\"noopener nofollow\" data-full-res=\"https:\/\/scontent-lhr6-1.cdninstagram.com\/v\/t39.30808-6\/468958123_18323347519083825_7467838921983431901_n.jpg?_nc_cat=110&#038;ccb=1-7&#038;_nc_sid=18de74&#038;_nc_ohc=zAU_sS7lc7EQ7kNvgHJnSZT&#038;_nc_zt=23&#038;_nc_ht=scontent-lhr6-1.cdninstagram.com&#038;edm=ANo9K5cEAAAA&#038;_nc_gid=AdN0ZjvoYQUaaNT-35pOf0c&#038;oh=00_AYBdHYgxarXhXn4x7uAqWBfSCsEtysttV4oX7fWS72n-VA&#038;oe=6755D584\" data-img-src-set=\"{&quot;d&quot;:&quot;https:\\\/\\\/scontent-lhr6-1.cdninstagram.com\\\/v\\\/t39.30808-6\\\/468958123_18323347519083825_7467838921983431901_n.jpg?_nc_cat=110&amp;ccb=1-7&amp;_nc_sid=18de74&amp;_nc_ohc=zAU_sS7lc7EQ7kNvgHJnSZT&amp;_nc_zt=23&amp;_nc_ht=scontent-lhr6-1.cdninstagram.com&amp;edm=ANo9K5cEAAAA&amp;_nc_gid=AdN0ZjvoYQUaaNT-35pOf0c&amp;oh=00_AYBdHYgxarXhXn4x7uAqWBfSCsEtysttV4oX7fWS72n-VA&amp;oe=6755D584&quot;,&quot;150&quot;:&quot;https:\\\/\\\/scontent-lhr6-1.cdninstagram.com\\\/v\\\/t39.30808-6\\\/468958123_18323347519083825_7467838921983431901_n.jpg?_nc_cat=110&amp;ccb=1-7&amp;_nc_sid=18de74&amp;_nc_ohc=zAU_sS7lc7EQ7kNvgHJnSZT&amp;_nc_zt=23&amp;_nc_ht=scontent-lhr6-1.cdninstagram.com&amp;edm=ANo9K5cEAAAA&amp;_nc_gid=AdN0ZjvoYQUaaNT-35pOf0c&amp;oh=00_AYBdHYgxarXhXn4x7uAqWBfSCsEtysttV4oX7fWS72n-VA&amp;oe=6755D584&quot;,&quot;320&quot;:&quot;https:\\\/\\\/scontent-lhr6-1.cdninstagram.com\\\/v\\\/t39.30808-6\\\/468958123_18323347519083825_7467838921983431901_n.jpg?_nc_cat=110&amp;ccb=1-7&amp;_nc_sid=18de74&amp;_nc_ohc=zAU_sS7lc7EQ7kNvgHJnSZT&amp;_nc_zt=23&amp;_nc_ht=scontent-lhr6-1.cdninstagram.com&amp;edm=ANo9K5cEAAAA&amp;_nc_gid=AdN0ZjvoYQUaaNT-35pOf0c&amp;oh=00_AYBdHYgxarXhXn4x7uAqWBfSCsEtysttV4oX7fWS72n-VA&amp;oe=6755D584&quot;,&quot;640&quot;:&quot;https:\\\/\\\/scontent-lhr6-1.cdninstagram.com\\\/v\\\/t39.30808-6\\\/468958123_18323347519083825_7467838921983431901_n.jpg?_nc_cat=110&amp;ccb=1-7&amp;_nc_sid=18de74&amp;_nc_ohc=zAU_sS7lc7EQ7kNvgHJnSZT&amp;_nc_zt=23&amp;_nc_ht=scontent-lhr6-1.cdninstagram.com&amp;edm=ANo9K5cEAAAA&amp;_nc_gid=AdN0ZjvoYQUaaNT-35pOf0c&amp;oh=00_AYBdHYgxarXhXn4x7uAqWBfSCsEtysttV4oX7fWS72n-VA&amp;oe=6755D584&quot;}\">\n            <span class=\"sbi-screenreader\">Exposition Madeleine, r\u00e9sistante de Madeleine Rif<\/span>\n            <svg class=\"svg-inline--fa fa-clone fa-w-16 sbi_lightbox_carousel_icon\" aria-hidden=\"true\" aria-label=\"Clone\" data-fa-pro\u0192cessed=\"\" data-prefix=\"far\" data-icon=\"clone\" role=\"img\" xmlns=\"http:\/\/www.w3.org\/2000\/svg\" viewBox=\"0 0 512 512\">\n\t                <path fill=\"currentColor\" d=\"M464 0H144c-26.51 0-48 21.49-48 48v48H48c-26.51 0-48 21.49-48 48v320c0 26.51 21.49 48 48 48h320c26.51 0 48-21.49 48-48v-48h48c26.51 0 48-21.49 48-48V48c0-26.51-21.49-48-48-48zM362 464H54a6 6 0 0 1-6-6V150a6 6 0 0 1 6-6h42v224c0 26.51 21.49 48 48 48h224v42a6 6 0 0 1-6 6zm96-96H150a6 6 0 0 1-6-6V54a6 6 0 0 1 6-6h308a6 6 0 0 1 6 6v308a6 6 0 0 1-6 6z\"><\/path>\n\t            <\/svg>\t                    <img decoding=\"async\" src=\"https:\/\/3r-prev.com\/gba\/wp-content\/plugins\/instagram-feed\/img\/placeholder.png\" alt=\"Exposition Madeleine, r\u00e9sistante de Madeleine Riffaud, @jdmorvan et @dominique_bertail !\n\nExposition en entr\u00e9e libre, visible jusqu\u2019au 2 novembre !\n\nVenez d\u00e9couvrir plus de cinquante \u0153uvres originales de @dominique_bertail !\n\nEn collaboration avec @dupuis_bd .\n\n#madeleineresistante #madeleineriffaud #jeandavidmorvan #dominiquebertail\">\n        <\/a>\n    <\/div>\n<\/div><div class=\"sbi_item sbi_type_image sbi_new sbi_transition\" id=\"sbi_18008976494395565\" data-date=\"1726935294\">\n    <div class=\"sbi_photo_wrap\">\n        <a class=\"sbi_photo\" href=\"https:\/\/www.instagram.com\/p\/DAL36ShC_9q\/\" target=\"_blank\" rel=\"noopener nofollow\" data-full-res=\"https:\/\/scontent-lhr8-2.cdninstagram.com\/v\/t39.30808-6\/468763463_18323347558083825_4543975786955691446_n.jpg?_nc_cat=106&#038;ccb=1-7&#038;_nc_sid=18de74&#038;_nc_ohc=nLiRzWET2VYQ7kNvgHyv49w&#038;_nc_zt=23&#038;_nc_ht=scontent-lhr8-2.cdninstagram.com&#038;edm=ANo9K5cEAAAA&#038;_nc_gid=AdN0ZjvoYQUaaNT-35pOf0c&#038;oh=00_AYBv2odf2KU6RPMutbVIzBR5LVplx8HhThshzMyz9yDt2A&#038;oe=6755F771\" data-img-src-set=\"{&quot;d&quot;:&quot;https:\\\/\\\/scontent-lhr8-2.cdninstagram.com\\\/v\\\/t39.30808-6\\\/468763463_18323347558083825_4543975786955691446_n.jpg?_nc_cat=106&amp;ccb=1-7&amp;_nc_sid=18de74&amp;_nc_ohc=nLiRzWET2VYQ7kNvgHyv49w&amp;_nc_zt=23&amp;_nc_ht=scontent-lhr8-2.cdninstagram.com&amp;edm=ANo9K5cEAAAA&amp;_nc_gid=AdN0ZjvoYQUaaNT-35pOf0c&amp;oh=00_AYBv2odf2KU6RPMutbVIzBR5LVplx8HhThshzMyz9yDt2A&amp;oe=6755F771&quot;,&quot;150&quot;:&quot;https:\\\/\\\/scontent-lhr8-2.cdninstagram.com\\\/v\\\/t39.30808-6\\\/468763463_18323347558083825_4543975786955691446_n.jpg?_nc_cat=106&amp;ccb=1-7&amp;_nc_sid=18de74&amp;_nc_ohc=nLiRzWET2VYQ7kNvgHyv49w&amp;_nc_zt=23&amp;_nc_ht=scontent-lhr8-2.cdninstagram.com&amp;edm=ANo9K5cEAAAA&amp;_nc_gid=AdN0ZjvoYQUaaNT-35pOf0c&amp;oh=00_AYBv2odf2KU6RPMutbVIzBR5LVplx8HhThshzMyz9yDt2A&amp;oe=6755F771&quot;,&quot;320&quot;:&quot;https:\\\/\\\/scontent-lhr8-2.cdninstagram.com\\\/v\\\/t39.30808-6\\\/468763463_18323347558083825_4543975786955691446_n.jpg?_nc_cat=106&amp;ccb=1-7&amp;_nc_sid=18de74&amp;_nc_ohc=nLiRzWET2VYQ7kNvgHyv49w&amp;_nc_zt=23&amp;_nc_ht=scontent-lhr8-2.cdninstagram.com&amp;edm=ANo9K5cEAAAA&amp;_nc_gid=AdN0ZjvoYQUaaNT-35pOf0c&amp;oh=00_AYBv2odf2KU6RPMutbVIzBR5LVplx8HhThshzMyz9yDt2A&amp;oe=6755F771&quot;,&quot;640&quot;:&quot;https:\\\/\\\/scontent-lhr8-2.cdninstagram.com\\\/v\\\/t39.30808-6\\\/468763463_18323347558083825_4543975786955691446_n.jpg?_nc_cat=106&amp;ccb=1-7&amp;_nc_sid=18de74&amp;_nc_ohc=nLiRzWET2VYQ7kNvgHyv49w&amp;_nc_zt=23&amp;_nc_ht=scontent-lhr8-2.cdninstagram.com&amp;edm=ANo9K5cEAAAA&amp;_nc_gid=AdN0ZjvoYQUaaNT-35pOf0c&amp;oh=00_AYBv2odf2KU6RPMutbVIzBR5LVplx8HhThshzMyz9yDt2A&amp;oe=6755F771&quot;}\">\n            <span class=\"sbi-screenreader\">Exposition Madeleine, r\u00e9sistante de Madeleine Rif<\/span>\n            \t                    <img decoding=\"async\" src=\"https:\/\/3r-prev.com\/gba\/wp-content\/plugins\/instagram-feed\/img\/placeholder.png\" alt=\"Exposition Madeleine, r\u00e9sistante de Madeleine Riffaud, @jdmorvan et @dominique_bertail pour le tome 3, Les nouilles \u00e0 la tomate, publi\u00e9 par @dupuis_bd .\n\nVernissage jeudi 26 septembre, \u00e0 partir de 19h, en pr\u00e9sence des artistes. \n\nEntr\u00e9e libre !\n\n#madeleineresistante #madeleineriffaud #dominiquebertail #jeandavidmorvan #dupuisbd\">\n        <\/a>\n    <\/div>\n<\/div>    <\/div>\n\n\t<div id=\"sbi_load\" >\n\n\t\n\t\n<\/div>\n\n\t    <span class=\"sbi_resized_image_data\" data-feed-id=\"*1\" data-resized=\"{&quot;18008976494395565&quot;:{&quot;id&quot;:&quot;459831524_18314719327083825_8450132045531365934_n&quot;,&quot;ratio&quot;:&quot;1.00&quot;,&quot;sizes&quot;:{&quot;full&quot;:640,&quot;low&quot;:320,&quot;thumb&quot;:150},&quot;extension&quot;:&quot;.webp&quot;},&quot;18111844063409817&quot;:{&quot;id&quot;:&quot;461438320_18315654016083825_7931338101329138398_n&quot;,&quot;ratio&quot;:&quot;0.80&quot;,&quot;sizes&quot;:{&quot;full&quot;:640,&quot;low&quot;:320,&quot;thumb&quot;:150},&quot;extension&quot;:&quot;.webp&quot;},&quot;18046580452985719&quot;:{&quot;id&quot;:&quot;462100167_18316832911083825_7617722405832780801_n&quot;,&quot;ratio&quot;:&quot;0.80&quot;,&quot;sizes&quot;:{&quot;full&quot;:640,&quot;low&quot;:320,&quot;thumb&quot;:150},&quot;extension&quot;:&quot;.webp&quot;},&quot;17981455922750487&quot;:{&quot;id&quot;:&quot;463058738_18317716948083825_1652182775816057836_n&quot;,&quot;ratio&quot;:&quot;0.80&quot;,&quot;sizes&quot;:{&quot;full&quot;:640,&quot;low&quot;:320,&quot;thumb&quot;:150},&quot;extension&quot;:&quot;.webp&quot;},&quot;18060340600696275&quot;:{&quot;id&quot;:&quot;464088199_18318429610083825_3424371406430722516_n&quot;,&quot;ratio&quot;:&quot;0.80&quot;,&quot;sizes&quot;:{&quot;full&quot;:640,&quot;low&quot;:320,&quot;thumb&quot;:150},&quot;extension&quot;:&quot;.webp&quot;},&quot;17852378721325429&quot;:{&quot;id&quot;:&quot;465805376_18320900464083825_3656478630658225690_n&quot;,&quot;ratio&quot;:&quot;0.80&quot;,&quot;sizes&quot;:{&quot;full&quot;:640,&quot;low&quot;:320,&quot;thumb&quot;:150},&quot;extension&quot;:&quot;.webp&quot;},&quot;18034881149351175&quot;:{&quot;id&quot;:&quot;465932177_18320662627083825_2837125289005214344_n&quot;,&quot;ratio&quot;:&quot;1.00&quot;,&quot;sizes&quot;:{&quot;full&quot;:640,&quot;low&quot;:320,&quot;thumb&quot;:150},&quot;extension&quot;:&quot;.webp&quot;},&quot;18070140637718972&quot;:{&quot;id&quot;:&quot;465822485_18320520628083825_1839528169912393031_n&quot;,&quot;ratio&quot;:&quot;1.10&quot;,&quot;sizes&quot;:{&quot;full&quot;:640,&quot;low&quot;:320,&quot;thumb&quot;:150},&quot;extension&quot;:&quot;.webp&quot;},&quot;18012513320427631&quot;:{&quot;id&quot;:&quot;465775339_18320461336083825_27190446609410239_n&quot;,&quot;ratio&quot;:&quot;1.38&quot;,&quot;sizes&quot;:{&quot;full&quot;:640,&quot;low&quot;:320,&quot;thumb&quot;:150},&quot;extension&quot;:&quot;.webp&quot;},&quot;18017845283635272&quot;:{&quot;id&quot;:&quot;467586729_18322208956083825_248730619617526166_n&quot;,&quot;ratio&quot;:&quot;0.56&quot;,&quot;sizes&quot;:{&quot;full&quot;:640,&quot;low&quot;:320,&quot;thumb&quot;:150},&quot;extension&quot;:&quot;.webp&quot;},&quot;17945360375913046&quot;:{&quot;id&quot;:&quot;467412357_18322164910083825_3996834632033678531_n&quot;,&quot;ratio&quot;:&quot;0.80&quot;,&quot;sizes&quot;:{&quot;full&quot;:640,&quot;low&quot;:320,&quot;thumb&quot;:150},&quot;extension&quot;:&quot;.webp&quot;}}\">\n\t<\/span>\n\t<\/div>\n\n[\/vc_column_text]<div class=\"dfd-spacer-module\"  data-units=\"px\" data-wide_resolution=\"1280\" data-wide_size=\"70\" data-normal_resolution=\"1024\" data-normal_size=\"70\" data-tablet_resolution=\"800\" data-tablet_size=\"70\" data-mobile_resolution=\"480\" data-mobile_size=\"\" style=\"height: 70px;\"><\/div>[\/vc_column][\/vc_row]<\/p>\n<\/div>","protected":false},"excerpt":{"rendered":"<p>[vc_row][vc_column][vc_raw_html css=\u00a0\u00bb\u00a0\u00bb]JTNDc2VjdGlvbiUyMGNsYXNzJTNEJTIyZ2JhLWhlYWRlci1wcm9kJTIyJTIwc3R5bGUlM0QlMjJtYXJnaW4tYm90dG9tJTNBODBweCUyMiUzRSUwQSUyMCUyMCUyMCUyMCUyMCUyMCUyMCUyMCUyMCUyMCUyMCUyMCUyMCUyMCUyMCUyMCUyMCUyMCUyMCUyMCUyMCUyMCUyMCUyMCUyMCUyMCUyMCUyMCUyMCUyMCUyMCUyMCUyMCUyMCUyMCUyMCUzQ2RpdiUyMGNsYXNzJTNEJTIyZ2JhLWhlYWQtdXBwZXItc2VjJTIyJTNFJTBBJTIwJTIwJTIwJTIwJTIwJTIwJTIwJTIwJTIwJTIwJTIwJTIwJTIwJTIwJTIwJTIwJTIwJTIwJTIwJTIwJTIwJTIwJTIwJTIwJTIwJTIwJTIwJTIwJTIwJTIwJTIwJTIwJTIwJTIwJTIwJTIwJTIwJTIwJTIwJTIwJTNDaDElM0VMYSUyMGdhbGVyaWUlM0MlMkZoMSUzRSUwQSUwQSUyMCUyMCUyMCUyMCUyMCUyMCUyMCUyMCUyMCUyMCUyMCUyMCUyMCUyMCUyMCUyMCUyMCUyMCUyMCUyMCUyMCUyMCUyMCUyMCUyMCUyMCUyMCUyMCUyMCUyMCUyMCUyMCUzQyUyRnNlY3Rpb24lM0U=[\/vc_raw_html][\/vc_column][\/vc_row][vc_row][vc_column width=\u00a0\u00bb1\/2&Prime;][vc_column_text css=\u00a0\u00bb\u00a0\u00bb]Dirig\u00e9e par Jean-Baptiste Barbier, la galerie Barbier est sp\u00e9cialis\u00e9e dans l\u2019art de la bande dessin\u00e9e. Les artistes qu\u2019elle d\u00e9fend ont en commun leur singularit\u00e9 graphique et leur<\/p>\n","protected":false},"author":1,"featured_media":0,"parent":0,"menu_order":0,"comment_status":"closed","ping_status":"closed","template":"page-custom-with-header.php","meta":{"_acf_changed":false,"footnotes":""},"class_list":["post-34181","page","type-page","status-publish","hentry"],"acf":[],"_links":{"self":[{"href":"https:\/\/3r-prev.com\/gba\/wp-json\/wp\/v2\/pages\/34181","targetHints":{"allow":["GET"]}}],"collection":[{"href":"https:\/\/3r-prev.com\/gba\/wp-json\/wp\/v2\/pages"}],"about":[{"href":"https:\/\/3r-prev.com\/gba\/wp-json\/wp\/v2\/types\/page"}],"author":[{"embeddable":true,"href":"https:\/\/3r-prev.com\/gba\/wp-json\/wp\/v2\/users\/1"}],"replies":[{"embeddable":true,"href":"https:\/\/3r-prev.com\/gba\/wp-json\/wp\/v2\/comments?post=34181"}],"version-history":[{"count":19,"href":"https:\/\/3r-prev.com\/gba\/wp-json\/wp\/v2\/pages\/34181\/revisions"}],"predecessor-version":[{"id":34839,"href":"https:\/\/3r-prev.com\/gba\/wp-json\/wp\/v2\/pages\/34181\/revisions\/34839"}],"wp:attachment":[{"href":"https:\/\/3r-prev.com\/gba\/wp-json\/wp\/v2\/media?parent=34181"}],"curies":[{"name":"wp","href":"https:\/\/api.w.org\/{rel}","templated":true}]}}